{"id":5369,"date":"2021-12-10T16:20:51","date_gmt":"2021-12-10T16:20:51","guid":{"rendered":"https:\/\/eurocarslanucia.com\/stock\/"},"modified":"2021-12-14T10:27:44","modified_gmt":"2021-12-14T10:27:44","slug":"stock","status":"publish","type":"page","link":"https:\/\/eurocarslanucia.com\/es\/stock\/","title":{"rendered":"Stock"},"content":{"rendered":"\t\t<div data-elementor-type=\"wp-page\" data-elementor-id=\"5369\" class=\"elementor elementor-5369 elementor-5222\">\n\t\t\t\t\t\t\t\t\t<section class=\"elementor-section elementor-top-section elementor-element elementor-element-dfd44e9 elementor-section-boxed elementor-section-height-default elementor-section-height-default\" data-id=\"dfd44e9\" data-element_type=\"section\">\n\t\t\t\t\t\t<div class=\"elementor-container elementor-column-gap-default\">\n\t\t\t\t\t<div class=\"elementor-column elementor-col-100 elementor-top-column elementor-element elementor-element-7c8185a\" data-id=\"7c8185a\" data-element_type=\"column\">\n\t\t\t<div class=\"elementor-widget-wrap elementor-element-populated\">\n\t\t\t\t\t\t\t\t<div class=\"elementor-element elementor-element-b879943 elementor-widget elementor-widget-ads_short_base\" data-id=\"b879943\" data-element_type=\"widget\" data-widget_type=\"ads_short_base.default\">\n\t\t\t\t<div class=\"elementor-widget-container\">\n\t\t\t<section class=\"custom-padding\">\n            <!-- Main Container -->\n            <div class=\"container\">\n                <!-- Row -->\n                <div class=\"row\">\n                    <div class=\"heading-panel\">\n\t\t\t\t <div class=\"col-xs-12 col-md-12 col-sm-12 text-center\">\n\t\t\t\t\t<!-- Main Title -->\n\t\t\t\t\t<h2>Veh\u00edculos en stock<\/h2>\n\t\t\t\t\t<!-- Short Description -->\n\t\t\t\t\t\n\t\t\t\t <\/div>\n\t\t\t  <\/div>\n                    \n                           \n                              <div class=\"col-md-12 col-xs-12 col-sm-12\">\n\t\t\t\t\t\t\t  \t<div class=\"row\"> <div class=\"posts-masonry ads-for-home\"><div class=\"col-md-4  col-lg-4 col-sm-6 col-xs-12\" id=\".holder-5652\">\n\t\t\t\t\t  <div class=\"white category-grid-box-1 \">\n\t\t\t\t\t\t <!-- Image Box -->\n\t\t\t\t\t\t \n\t\t\t\t\t\t <div class=\"image\">\n\t\t\t\t\t \n\t\t\t\t\t<a href=\"https:\/\/eurocarslanucia.com\/es\/ad\/fiat-500-x-automaat\/\"><img decoding=\"async\" src=\"https:\/\/eurocarslanucia.com\/wp-content\/uploads\/2021\/12\/20210930_093316-360x270.jpg\" alt=\"Fiat 500 x Automatico\" class=\"img-responsive\"\/><\/a> \n\t\t\t\t\t<\/div>\n\t\t\t\t\t\t <!-- Short Description -->\n\t\t\t\t\t\t <div class=\"short-description-1 \">\n\t\t\t\t\t\t\t<!-- Category Title -->\n\t\t\t\t\t\t\t<div class=\"category-title\">  <\/div>\n\t\t\t\t\t\t\t<!-- Ad Title -->\n\t\t\t\t\t\t\t<h3><a href=\"https:\/\/eurocarslanucia.com\/es\/ad\/fiat-500-x-automaat\/\">Fiat 500 x Automatico<\/a><\/h3>\n\t\t\t\t\t\t\t<!-- Location -->\n\t\t\t\t\t\t\t\n\t\t\t\t\t\t\t <span class=\"ad-price\">19,900\u20ac<span class=\"\"> (Precio cerrado)<\/span><\/span> \n\t\t\t\t\t\t <\/div>\n\t\t\t\t\t\t <!-- Ad Meta Stats -->\n\t\t\t\t\t\t <div class=\"ad-info-1\">\n\t\t\t\t\t\t\t<ul class=\"list-unstyled\"><li><i class=\"flaticon-gas-station-1\"><\/i>Gasolina<\/li><li><i class=\"flaticon-dashboard\"><\/i>31,600 km<\/li><li><i class=\"flaticon-engine-2\"><\/i>1,000 cc<\/li><\/ul>\n\t\t\t\t\t\t <\/div>\n\t\t\t\t\t  <\/div>\n\t\t\t\t   <\/div><div class=\"col-md-4  col-lg-4 col-sm-6 col-xs-12\" id=\".holder-5800\">\n\t\t\t\t\t  <div class=\"white category-grid-box-1 \">\n\t\t\t\t\t\t <!-- Image Box -->\n\t\t\t\t\t\t \n\t\t\t\t\t\t <div class=\"image\">\n\t\t\t\t\t \n\t\t\t\t\t<a href=\"https:\/\/eurocarslanucia.com\/es\/ad\/seat-arona-exc-turbo\/\"><img decoding=\"async\" src=\"https:\/\/eurocarslanucia.com\/wp-content\/uploads\/2021\/12\/20211026_095854-1-360x270.jpg\" alt=\"Seat Arona Exc !\" class=\"img-responsive\"\/><\/a> \n\t\t\t\t\t<\/div>\n\t\t\t\t\t\t <!-- Short Description -->\n\t\t\t\t\t\t <div class=\"short-description-1 \">\n\t\t\t\t\t\t\t<!-- Category Title -->\n\t\t\t\t\t\t\t<div class=\"category-title\"> <span class=\"padding_cats\"><a href=\"https:\/\/eurocarslanucia.com\/es\/ad_category\/seat-es\/\">Seat<\/a><\/span> <\/div>\n\t\t\t\t\t\t\t<!-- Ad Title -->\n\t\t\t\t\t\t\t<h3><a href=\"https:\/\/eurocarslanucia.com\/es\/ad\/seat-arona-exc-turbo\/\">Seat Arona Exc !<\/a><\/h3>\n\t\t\t\t\t\t\t<!-- Location -->\n\t\t\t\t\t\t\t\n\t\t\t\t\t\t\t <span class=\"ad-price\">17,900\u20ac<span class=\"\"> (Precio cerrado)<\/span><\/span> \n\t\t\t\t\t\t <\/div>\n\t\t\t\t\t\t <!-- Ad Meta Stats -->\n\t\t\t\t\t\t <div class=\"ad-info-1\">\n\t\t\t\t\t\t\t<ul class=\"list-unstyled\"><li><i class=\"flaticon-gas-station-1\"><\/i>Gasolina<\/li><li><i class=\"flaticon-dashboard\"><\/i>44,000 km<\/li><li><i class=\"flaticon-engine-2\"><\/i>1,000 cc<\/li><\/ul>\n\t\t\t\t\t\t <\/div>\n\t\t\t\t\t  <\/div>\n\t\t\t\t   <\/div><div class=\"col-md-4  col-lg-4 col-sm-6 col-xs-12\" id=\".holder-5973\">\n\t\t\t\t\t  <div class=\"white category-grid-box-1 \">\n\t\t\t\t\t\t <!-- Image Box -->\n\t\t\t\t\t\t \n\t\t\t\t\t\t <div class=\"image\">\n\t\t\t\t\t \n\t\t\t\t\t<a href=\"https:\/\/eurocarslanucia.com\/es\/ad\/nissan-qashqai-turbo-automaat\/\"><img decoding=\"async\" src=\"https:\/\/eurocarslanucia.com\/wp-content\/uploads\/2021\/12\/20211207_110113-360x270.jpg\" alt=\"(Vendido)Nissan Qashqai Turbo Automatico !\" class=\"img-responsive\"\/><\/a> \n\t\t\t\t\t<\/div>\n\t\t\t\t\t\t <!-- Short Description -->\n\t\t\t\t\t\t <div class=\"short-description-1 \">\n\t\t\t\t\t\t\t<!-- Category Title -->\n\t\t\t\t\t\t\t<div class=\"category-title\"> <span class=\"padding_cats\"><a href=\"https:\/\/eurocarslanucia.com\/es\/ad_category\/nissan-es\/\">Nissan<\/a><\/span> <\/div>\n\t\t\t\t\t\t\t<!-- Ad Title -->\n\t\t\t\t\t\t\t<h3><a href=\"https:\/\/eurocarslanucia.com\/es\/ad\/nissan-qashqai-turbo-automaat\/\">(Vendido)Nissan Qash...<\/a><\/h3>\n\t\t\t\t\t\t\t<!-- Location -->\n\t\t\t\t\t\t\t\n\t\t\t\t\t\t\t <span class=\"ad-price\">0\u20ac<span class=\"\"> (Precio cerrado)<\/span><\/span> \n\t\t\t\t\t\t <\/div>\n\t\t\t\t\t\t <!-- Ad Meta Stats -->\n\t\t\t\t\t\t <div class=\"ad-info-1\">\n\t\t\t\t\t\t\t<ul class=\"list-unstyled\"><li><i class=\"flaticon-gas-station-1\"><\/i>Gasolina<\/li><li><i class=\"flaticon-dashboard\"><\/i>74,900 km<\/li><li><i class=\"flaticon-engine-2\"><\/i>1,200 cc<\/li><\/ul>\n\t\t\t\t\t\t <\/div>\n\t\t\t\t\t  <\/div>\n\t\t\t\t   <\/div><div class=\"col-md-4  col-lg-4 col-sm-6 col-xs-12\" id=\".holder-6148\">\n\t\t\t\t\t  <div class=\"white category-grid-box-1 \">\n\t\t\t\t\t\t <!-- Image Box -->\n\t\t\t\t\t\t \n\t\t\t\t\t\t <div class=\"image\">\n\t\t\t\t\t \n\t\t\t\t\t<a href=\"https:\/\/eurocarslanucia.com\/es\/ad\/oldtimer-porsche-924s-25l\/\"><img decoding=\"async\" src=\"https:\/\/eurocarslanucia.com\/wp-content\/uploads\/2021\/12\/IMG-20211215-WA0010-360x270.jpg\" alt=\"Clasico Porsche 924S  2,5L !  (1986)\" class=\"img-responsive\"\/><\/a> \n\t\t\t\t\t<\/div>\n\t\t\t\t\t\t <!-- Short Description -->\n\t\t\t\t\t\t <div class=\"short-description-1 \">\n\t\t\t\t\t\t\t<!-- Category Title -->\n\t\t\t\t\t\t\t<div class=\"category-title\"> <span class=\"padding_cats\"><a href=\"https:\/\/eurocarslanucia.com\/es\/ad_category\/porsche-es\/\">Porsche<\/a><\/span> <\/div>\n\t\t\t\t\t\t\t<!-- Ad Title -->\n\t\t\t\t\t\t\t<h3><a href=\"https:\/\/eurocarslanucia.com\/es\/ad\/oldtimer-porsche-924s-25l\/\">Clasico Porsche 924S...<\/a><\/h3>\n\t\t\t\t\t\t\t<!-- Location -->\n\t\t\t\t\t\t\t\n\t\t\t\t\t\t\t <span class=\"ad-price\">19,900\u20ac<span class=\"\"> (Precio cerrado)<\/span><\/span> \n\t\t\t\t\t\t <\/div>\n\t\t\t\t\t\t <!-- Ad Meta Stats -->\n\t\t\t\t\t\t <div class=\"ad-info-1\">\n\t\t\t\t\t\t\t<ul class=\"list-unstyled\"><li><i class=\"flaticon-gas-station-1\"><\/i>Gasolina<\/li><li><i class=\"flaticon-dashboard\"><\/i>106,000 km<\/li><li><i class=\"flaticon-engine-2\"><\/i>2,500 cc<\/li><\/ul>\n\t\t\t\t\t\t <\/div>\n\t\t\t\t\t  <\/div>\n\t\t\t\t   <\/div><div class=\"col-md-4  col-lg-4 col-sm-6 col-xs-12\" id=\".holder-6270\">\n\t\t\t\t\t  <div class=\"white category-grid-box-1 \">\n\t\t\t\t\t\t <!-- Image Box -->\n\t\t\t\t\t\t \n\t\t\t\t\t\t <div class=\"image\">\n\t\t\t\t\t \n\t\t\t\t\t<a href=\"https:\/\/eurocarslanucia.com\/es\/ad\/citroen-c4-picassso-automaat\/\"><img decoding=\"async\" src=\"https:\/\/eurocarslanucia.com\/wp-content\/uploads\/2022\/01\/20220112_111701-360x270.jpg\" alt=\"Citroen C4 Picassso Automatico !\" class=\"img-responsive\"\/><\/a> \n\t\t\t\t\t<\/div>\n\t\t\t\t\t\t <!-- Short Description -->\n\t\t\t\t\t\t <div class=\"short-description-1 \">\n\t\t\t\t\t\t\t<!-- Category Title -->\n\t\t\t\t\t\t\t<div class=\"category-title\">  <\/div>\n\t\t\t\t\t\t\t<!-- Ad Title -->\n\t\t\t\t\t\t\t<h3><a href=\"https:\/\/eurocarslanucia.com\/es\/ad\/citroen-c4-picassso-automaat\/\">Citroen C4 Picassso ...<\/a><\/h3>\n\t\t\t\t\t\t\t<!-- Location -->\n\t\t\t\t\t\t\t\n\t\t\t\t\t\t\t <span class=\"ad-price\">19,800\u20ac<span class=\"\"> (Precio cerrado)<\/span><\/span> \n\t\t\t\t\t\t <\/div>\n\t\t\t\t\t\t <!-- Ad Meta Stats -->\n\t\t\t\t\t\t <div class=\"ad-info-1\">\n\t\t\t\t\t\t\t<ul class=\"list-unstyled\"><li><i class=\"flaticon-gas-station-1\"><\/i>Gasolina<\/li><li><i class=\"flaticon-dashboard\"><\/i>47,200 km<\/li><li><i class=\"flaticon-engine-2\"><\/i>1,200 cc<\/li><\/ul>\n\t\t\t\t\t\t <\/div>\n\t\t\t\t\t  <\/div>\n\t\t\t\t   <\/div><div class=\"col-md-4  col-lg-4 col-sm-6 col-xs-12\" id=\".holder-6415\">\n\t\t\t\t\t  <div class=\"white category-grid-box-1 \">\n\t\t\t\t\t\t <!-- Image Box -->\n\t\t\t\t\t\t \n\t\t\t\t\t\t <div class=\"image\">\n\t\t\t\t\t \n\t\t\t\t\t<a href=\"https:\/\/eurocarslanucia.com\/es\/ad\/fiat-500-x-automaat-2\/\"><img decoding=\"async\" src=\"https:\/\/eurocarslanucia.com\/wp-content\/uploads\/2022\/01\/20220117_131726-360x270.jpg\" alt=\"Fiat 500 x Automatico !\" class=\"img-responsive\"\/><\/a> \n\t\t\t\t\t<\/div>\n\t\t\t\t\t\t <!-- Short Description -->\n\t\t\t\t\t\t <div class=\"short-description-1 \">\n\t\t\t\t\t\t\t<!-- Category Title -->\n\t\t\t\t\t\t\t<div class=\"category-title\">  <\/div>\n\t\t\t\t\t\t\t<!-- Ad Title -->\n\t\t\t\t\t\t\t<h3><a href=\"https:\/\/eurocarslanucia.com\/es\/ad\/fiat-500-x-automaat-2\/\">Fiat 500 x Automatico !<\/a><\/h3>\n\t\t\t\t\t\t\t<!-- Location -->\n\t\t\t\t\t\t\t\n\t\t\t\t\t\t\t <span class=\"ad-price\">19,400\u20ac<span class=\"\"> (Precio cerrado)<\/span><\/span> \n\t\t\t\t\t\t <\/div>\n\t\t\t\t\t\t <!-- Ad Meta Stats -->\n\t\t\t\t\t\t <div class=\"ad-info-1\">\n\t\t\t\t\t\t\t<ul class=\"list-unstyled\"><li><i class=\"flaticon-gas-station-1\"><\/i>Gasolina<\/li><li><i class=\"flaticon-dashboard\"><\/i>23,100 km<\/li><li><i class=\"flaticon-engine-2\"><\/i>1,400 cc<\/li><\/ul>\n\t\t\t\t\t\t <\/div>\n\t\t\t\t\t  <\/div>\n\t\t\t\t   <\/div><div class=\"col-md-4  col-lg-4 col-sm-6 col-xs-12\" id=\".holder-6561\">\n\t\t\t\t\t  <div class=\"white category-grid-box-1 \">\n\t\t\t\t\t\t <!-- Image Box -->\n\t\t\t\t\t\t \n\t\t\t\t\t\t <div class=\"image\">\n\t\t\t\t\t \n\t\t\t\t\t<a href=\"https:\/\/eurocarslanucia.com\/es\/ad\/opel-crossland-x-automaat\/\"><img decoding=\"async\" src=\"https:\/\/eurocarslanucia.com\/wp-content\/uploads\/2022\/02\/20220224_102758-360x270.jpg\" alt=\"(Vendido)Opel Crossland x Automatico !\" class=\"img-responsive\"\/><\/a> \n\t\t\t\t\t<\/div>\n\t\t\t\t\t\t <!-- Short Description -->\n\t\t\t\t\t\t <div class=\"short-description-1 \">\n\t\t\t\t\t\t\t<!-- Category Title -->\n\t\t\t\t\t\t\t<div class=\"category-title\"> <span class=\"padding_cats\"><a href=\"https:\/\/eurocarslanucia.com\/es\/ad_category\/opel-es\/\">Opel<\/a><\/span> <\/div>\n\t\t\t\t\t\t\t<!-- Ad Title -->\n\t\t\t\t\t\t\t<h3><a href=\"https:\/\/eurocarslanucia.com\/es\/ad\/opel-crossland-x-automaat\/\">(Vendido)Opel Crossl...<\/a><\/h3>\n\t\t\t\t\t\t\t<!-- Location -->\n\t\t\t\t\t\t\t\n\t\t\t\t\t\t\t <span class=\"ad-price\">0\u20ac<span class=\"\"> (Precio cerrado)<\/span><\/span> \n\t\t\t\t\t\t <\/div>\n\t\t\t\t\t\t <!-- Ad Meta Stats -->\n\t\t\t\t\t\t <div class=\"ad-info-1\">\n\t\t\t\t\t\t\t<ul class=\"list-unstyled\"><li><i class=\"flaticon-gas-station-1\"><\/i>Gasolina<\/li><li><i class=\"flaticon-dashboard\"><\/i>23,400 km<\/li><li><i class=\"flaticon-engine-2\"><\/i>1,500 cc<\/li><\/ul>\n\t\t\t\t\t\t <\/div>\n\t\t\t\t\t  <\/div>\n\t\t\t\t   <\/div><div class=\"col-md-4  col-lg-4 col-sm-6 col-xs-12\" id=\".holder-6606\">\n\t\t\t\t\t  <div class=\"white category-grid-box-1 \">\n\t\t\t\t\t\t <!-- Image Box -->\n\t\t\t\t\t\t \n\t\t\t\t\t\t <div class=\"image\">\n\t\t\t\t\t \n\t\t\t\t\t<a href=\"https:\/\/eurocarslanucia.com\/es\/ad\/suzuki-vitara\/\"><img decoding=\"async\" src=\"https:\/\/eurocarslanucia.com\/wp-content\/uploads\/2022\/03\/20220301_100457-360x270.jpg\" alt=\"Suzuki Vitara !\" class=\"img-responsive\"\/><\/a> \n\t\t\t\t\t<\/div>\n\t\t\t\t\t\t <!-- Short Description -->\n\t\t\t\t\t\t <div class=\"short-description-1 \">\n\t\t\t\t\t\t\t<!-- Category Title -->\n\t\t\t\t\t\t\t<div class=\"category-title\"> <span class=\"padding_cats\"><a href=\"https:\/\/eurocarslanucia.com\/es\/ad_category\/suzuki-es\/\">Suzuki<\/a><\/span> <\/div>\n\t\t\t\t\t\t\t<!-- Ad Title -->\n\t\t\t\t\t\t\t<h3><a href=\"https:\/\/eurocarslanucia.com\/es\/ad\/suzuki-vitara\/\">Suzuki Vitara !<\/a><\/h3>\n\t\t\t\t\t\t\t<!-- Location -->\n\t\t\t\t\t\t\t\n\t\t\t\t\t\t\t <span class=\"ad-price\">17,600\u20ac<span class=\"\"> (Precio cerrado)<\/span><\/span> \n\t\t\t\t\t\t <\/div>\n\t\t\t\t\t\t <!-- Ad Meta Stats -->\n\t\t\t\t\t\t <div class=\"ad-info-1\">\n\t\t\t\t\t\t\t<ul class=\"list-unstyled\"><li><i class=\"flaticon-gas-station-1\"><\/i>Gasolina<\/li><li><i class=\"flaticon-dashboard\"><\/i>47,700 km<\/li><li><i class=\"flaticon-engine-2\"><\/i>1,600 cc<\/li><\/ul>\n\t\t\t\t\t\t <\/div>\n\t\t\t\t\t  <\/div>\n\t\t\t\t   <\/div><div class=\"col-md-4  col-lg-4 col-sm-6 col-xs-12\" id=\".holder-6942\">\n\t\t\t\t\t  <div class=\"white category-grid-box-1 \">\n\t\t\t\t\t\t <!-- Image Box -->\n\t\t\t\t\t\t \n\t\t\t\t\t\t <div class=\"image\">\n\t\t\t\t\t \n\t\t\t\t\t<a href=\"https:\/\/eurocarslanucia.com\/es\/ad\/ds-3-cabrio-automaat\/\"><img decoding=\"async\" src=\"https:\/\/eurocarslanucia.com\/wp-content\/uploads\/2022\/04\/20220421_132200-2-360x270.jpg\" alt=\"(Vendido)DS 3 Cabrio Automatico !\" class=\"img-responsive\"\/><\/a> \n\t\t\t\t\t<\/div>\n\t\t\t\t\t\t <!-- Short Description -->\n\t\t\t\t\t\t <div class=\"short-description-1 \">\n\t\t\t\t\t\t\t<!-- Category Title -->\n\t\t\t\t\t\t\t<div class=\"category-title\">  <\/div>\n\t\t\t\t\t\t\t<!-- Ad Title -->\n\t\t\t\t\t\t\t<h3><a href=\"https:\/\/eurocarslanucia.com\/es\/ad\/ds-3-cabrio-automaat\/\">(Vendido)DS 3 Cabrio...<\/a><\/h3>\n\t\t\t\t\t\t\t<!-- Location -->\n\t\t\t\t\t\t\t\n\t\t\t\t\t\t\t <span class=\"ad-price\">0\u20ac<span class=\"\"> (Precio cerrado)<\/span><\/span> \n\t\t\t\t\t\t <\/div>\n\t\t\t\t\t\t <!-- Ad Meta Stats -->\n\t\t\t\t\t\t <div class=\"ad-info-1\">\n\t\t\t\t\t\t\t<ul class=\"list-unstyled\"><li><i class=\"flaticon-gas-station-1\"><\/i>Gasolina<\/li><li><i class=\"flaticon-dashboard\"><\/i>26,800 km<\/li><li><i class=\"flaticon-engine-2\"><\/i>1,200 cc<\/li><\/ul>\n\t\t\t\t\t\t <\/div>\n\t\t\t\t\t  <\/div>\n\t\t\t\t   <\/div><div class=\"col-md-4  col-lg-4 col-sm-6 col-xs-12\" id=\".holder-7147\">\n\t\t\t\t\t  <div class=\"white category-grid-box-1 \">\n\t\t\t\t\t\t <!-- Image Box -->\n\t\t\t\t\t\t \n\t\t\t\t\t\t <div class=\"image\">\n\t\t\t\t\t \n\t\t\t\t\t<a href=\"https:\/\/eurocarslanucia.com\/es\/ad\/ds-3-cabrio-automaat-2\/\"><img decoding=\"async\" src=\"https:\/\/eurocarslanucia.com\/wp-content\/uploads\/2022\/04\/20220429_122921-360x270.jpg\" alt=\"DS 3 Cabrio Automatico !\" class=\"img-responsive\"\/><\/a> \n\t\t\t\t\t<\/div>\n\t\t\t\t\t\t <!-- Short Description -->\n\t\t\t\t\t\t <div class=\"short-description-1 \">\n\t\t\t\t\t\t\t<!-- Category Title -->\n\t\t\t\t\t\t\t<div class=\"category-title\">  <\/div>\n\t\t\t\t\t\t\t<!-- Ad Title -->\n\t\t\t\t\t\t\t<h3><a href=\"https:\/\/eurocarslanucia.com\/es\/ad\/ds-3-cabrio-automaat-2\/\">DS 3 Cabrio Automatico !<\/a><\/h3>\n\t\t\t\t\t\t\t<!-- Location -->\n\t\t\t\t\t\t\t\n\t\t\t\t\t\t\t <span class=\"ad-price\">23,500\u20ac<span class=\"\"> (Precio cerrado)<\/span><\/span> \n\t\t\t\t\t\t <\/div>\n\t\t\t\t\t\t <!-- Ad Meta Stats -->\n\t\t\t\t\t\t <div class=\"ad-info-1\">\n\t\t\t\t\t\t\t<ul class=\"list-unstyled\"><li><i class=\"flaticon-gas-station-1\"><\/i>Gasolina<\/li><li><i class=\"flaticon-dashboard\"><\/i>36,500 km<\/li><li><i class=\"flaticon-engine-2\"><\/i>1,200 cc<\/li><\/ul>\n\t\t\t\t\t\t <\/div>\n\t\t\t\t\t  <\/div>\n\t\t\t\t   <\/div><div class=\"col-md-4  col-lg-4 col-sm-6 col-xs-12\" id=\".holder-7171\">\n\t\t\t\t\t  <div class=\"white category-grid-box-1 \">\n\t\t\t\t\t\t <!-- Image Box -->\n\t\t\t\t\t\t \n\t\t\t\t\t\t <div class=\"image\">\n\t\t\t\t\t \n\t\t\t\t\t<a href=\"https:\/\/eurocarslanucia.com\/es\/ad\/abarth-500-c-595-cabrio-automaat\/\"><img decoding=\"async\" src=\"https:\/\/eurocarslanucia.com\/wp-content\/uploads\/2022\/05\/20220505_112312-360x270.jpg\" alt=\"(Vendido)Abarth 500 C 595 Cabrio Automatico !\" class=\"img-responsive\"\/><\/a> \n\t\t\t\t\t<\/div>\n\t\t\t\t\t\t <!-- Short Description -->\n\t\t\t\t\t\t <div class=\"short-description-1 \">\n\t\t\t\t\t\t\t<!-- Category Title -->\n\t\t\t\t\t\t\t<div class=\"category-title\">  <\/div>\n\t\t\t\t\t\t\t<!-- Ad Title -->\n\t\t\t\t\t\t\t<h3><a href=\"https:\/\/eurocarslanucia.com\/es\/ad\/abarth-500-c-595-cabrio-automaat\/\">(Vendido)Abarth 500 ...<\/a><\/h3>\n\t\t\t\t\t\t\t<!-- Location -->\n\t\t\t\t\t\t\t\n\t\t\t\t\t\t\t <span class=\"ad-price\">0\u20ac<span class=\"\"> (Precio cerrado)<\/span><\/span> \n\t\t\t\t\t\t <\/div>\n\t\t\t\t\t\t <!-- Ad Meta Stats -->\n\t\t\t\t\t\t <div class=\"ad-info-1\">\n\t\t\t\t\t\t\t<ul class=\"list-unstyled\"><li><i class=\"flaticon-gas-station-1\"><\/i>Gasolina<\/li><li><i class=\"flaticon-dashboard\"><\/i>40,300 km<\/li><li><i class=\"flaticon-engine-2\"><\/i>1,400 cc<\/li><\/ul>\n\t\t\t\t\t\t <\/div>\n\t\t\t\t\t  <\/div>\n\t\t\t\t   <\/div><div class=\"col-md-4  col-lg-4 col-sm-6 col-xs-12\" id=\".holder-7192\">\n\t\t\t\t\t  <div class=\"white category-grid-box-1 \">\n\t\t\t\t\t\t <!-- Image Box -->\n\t\t\t\t\t\t \n\t\t\t\t\t\t <div class=\"image\">\n\t\t\t\t\t \n\t\t\t\t\t<a href=\"https:\/\/eurocarslanucia.com\/es\/ad\/citroen-c3-aircross\/\"><img decoding=\"async\" src=\"https:\/\/eurocarslanucia.com\/wp-content\/uploads\/2022\/05\/20220505_112201-360x270.jpg\" alt=\"Citroen C3 Aircross !\" class=\"img-responsive\"\/><\/a> \n\t\t\t\t\t<\/div>\n\t\t\t\t\t\t <!-- Short Description -->\n\t\t\t\t\t\t <div class=\"short-description-1 \">\n\t\t\t\t\t\t\t<!-- Category Title -->\n\t\t\t\t\t\t\t<div class=\"category-title\">  <\/div>\n\t\t\t\t\t\t\t<!-- Ad Title -->\n\t\t\t\t\t\t\t<h3><a href=\"https:\/\/eurocarslanucia.com\/es\/ad\/citroen-c3-aircross\/\">Citroen C3 Aircross !<\/a><\/h3>\n\t\t\t\t\t\t\t<!-- Location -->\n\t\t\t\t\t\t\t\n\t\t\t\t\t\t\t <span class=\"ad-price\">20,800\u20ac<span class=\"\"> (Precio cerrado)<\/span><\/span> \n\t\t\t\t\t\t <\/div>\n\t\t\t\t\t\t <!-- Ad Meta Stats -->\n\t\t\t\t\t\t <div class=\"ad-info-1\">\n\t\t\t\t\t\t\t<ul class=\"list-unstyled\"><li><i class=\"flaticon-gas-station-1\"><\/i>Gasolina<\/li><li><i class=\"flaticon-dashboard\"><\/i>26,260 km<\/li><li><i class=\"flaticon-engine-2\"><\/i>1,200 cc<\/li><\/ul>\n\t\t\t\t\t\t <\/div>\n\t\t\t\t\t  <\/div>\n\t\t\t\t   <\/div><div class=\"col-md-4  col-lg-4 col-sm-6 col-xs-12\" id=\".holder-7271\">\n\t\t\t\t\t  <div class=\"white category-grid-box-1 \">\n\t\t\t\t\t\t <!-- Image Box -->\n\t\t\t\t\t\t \n\t\t\t\t\t\t <div class=\"image\">\n\t\t\t\t\t \n\t\t\t\t\t<a href=\"https:\/\/eurocarslanucia.com\/es\/ad\/seat-ateca-automaat\/\"><img decoding=\"async\" src=\"https:\/\/eurocarslanucia.com\/wp-content\/uploads\/2022\/05\/20220509_124518-360x270.jpg\" alt=\"(Vendido)Seat Ateca Automatico !\" class=\"img-responsive\"\/><\/a> \n\t\t\t\t\t<\/div>\n\t\t\t\t\t\t <!-- Short Description -->\n\t\t\t\t\t\t <div class=\"short-description-1 \">\n\t\t\t\t\t\t\t<!-- Category Title -->\n\t\t\t\t\t\t\t<div class=\"category-title\"> <span class=\"padding_cats\"><a href=\"https:\/\/eurocarslanucia.com\/es\/ad_category\/seat-es\/\">Seat<\/a><\/span> <\/div>\n\t\t\t\t\t\t\t<!-- Ad Title -->\n\t\t\t\t\t\t\t<h3><a href=\"https:\/\/eurocarslanucia.com\/es\/ad\/seat-ateca-automaat\/\">(Vendido)Seat Ateca ...<\/a><\/h3>\n\t\t\t\t\t\t\t<!-- Location -->\n\t\t\t\t\t\t\t\n\t\t\t\t\t\t\t <span class=\"ad-price\">0\u20ac<span class=\"\"> (Precio cerrado)<\/span><\/span> \n\t\t\t\t\t\t <\/div>\n\t\t\t\t\t\t <!-- Ad Meta Stats -->\n\t\t\t\t\t\t <div class=\"ad-info-1\">\n\t\t\t\t\t\t\t<ul class=\"list-unstyled\"><li><i class=\"flaticon-gas-station-1\"><\/i>Diesel<\/li><li><i class=\"flaticon-dashboard\"><\/i>60,200 km<\/li><li><i class=\"flaticon-engine-2\"><\/i>1,600 cc<\/li><\/ul>\n\t\t\t\t\t\t <\/div>\n\t\t\t\t\t  <\/div>\n\t\t\t\t   <\/div><div class=\"col-md-4  col-lg-4 col-sm-6 col-xs-12\" id=\".holder-7297\">\n\t\t\t\t\t  <div class=\"white category-grid-box-1 \">\n\t\t\t\t\t\t <!-- Image Box -->\n\t\t\t\t\t\t \n\t\t\t\t\t\t <div class=\"image\">\n\t\t\t\t\t \n\t\t\t\t\t<a href=\"https:\/\/eurocarslanucia.com\/es\/ad\/opel-mokka-x-automaat-2\/\"><img decoding=\"async\" src=\"https:\/\/eurocarslanucia.com\/wp-content\/uploads\/2022\/05\/20220510_101026-360x270.jpg\" alt=\"Opel Mokka X Automatico !\" class=\"img-responsive\"\/><\/a> \n\t\t\t\t\t<\/div>\n\t\t\t\t\t\t <!-- Short Description -->\n\t\t\t\t\t\t <div class=\"short-description-1 \">\n\t\t\t\t\t\t\t<!-- Category Title -->\n\t\t\t\t\t\t\t<div class=\"category-title\"> <span class=\"padding_cats\"><a href=\"https:\/\/eurocarslanucia.com\/es\/ad_category\/opel-es\/\">Opel<\/a><\/span> <\/div>\n\t\t\t\t\t\t\t<!-- Ad Title -->\n\t\t\t\t\t\t\t<h3><a href=\"https:\/\/eurocarslanucia.com\/es\/ad\/opel-mokka-x-automaat-2\/\">Opel Mokka X Automat...<\/a><\/h3>\n\t\t\t\t\t\t\t<!-- Location -->\n\t\t\t\t\t\t\t\n\t\t\t\t\t\t\t <span class=\"ad-price\">19,400\u20ac<span class=\"\"> (Precio cerrado)<\/span><\/span> \n\t\t\t\t\t\t <\/div>\n\t\t\t\t\t\t <!-- Ad Meta Stats -->\n\t\t\t\t\t\t <div class=\"ad-info-1\">\n\t\t\t\t\t\t\t<ul class=\"list-unstyled\"><li><i class=\"flaticon-gas-station-1\"><\/i>Gasolina<\/li><li><i class=\"flaticon-dashboard\"><\/i>48,200 km<\/li><li><i class=\"flaticon-engine-2\"><\/i>1,400 cc<\/li><\/ul>\n\t\t\t\t\t\t <\/div>\n\t\t\t\t\t  <\/div>\n\t\t\t\t   <\/div><div class=\"col-md-4  col-lg-4 col-sm-6 col-xs-12\" id=\".holder-7317\">\n\t\t\t\t\t  <div class=\"white category-grid-box-1 \">\n\t\t\t\t\t\t <!-- Image Box -->\n\t\t\t\t\t\t \n\t\t\t\t\t\t <div class=\"image\">\n\t\t\t\t\t \n\t\t\t\t\t<a href=\"https:\/\/eurocarslanucia.com\/es\/ad\/citroen-c1\/\"><img decoding=\"async\" src=\"https:\/\/eurocarslanucia.com\/wp-content\/uploads\/2022\/05\/20220512_121646-360x270.jpg\" alt=\"Citroen C1 !\" class=\"img-responsive\"\/><\/a> \n\t\t\t\t\t<\/div>\n\t\t\t\t\t\t <!-- Short Description -->\n\t\t\t\t\t\t <div class=\"short-description-1 \">\n\t\t\t\t\t\t\t<!-- Category Title -->\n\t\t\t\t\t\t\t<div class=\"category-title\">  <\/div>\n\t\t\t\t\t\t\t<!-- Ad Title -->\n\t\t\t\t\t\t\t<h3><a href=\"https:\/\/eurocarslanucia.com\/es\/ad\/citroen-c1\/\">Citroen C1 !<\/a><\/h3>\n\t\t\t\t\t\t\t<!-- Location -->\n\t\t\t\t\t\t\t\n\t\t\t\t\t\t\t <span class=\"ad-price\">11,200\u20ac<span class=\"\"> (Precio cerrado)<\/span><\/span> \n\t\t\t\t\t\t <\/div>\n\t\t\t\t\t\t <!-- Ad Meta Stats -->\n\t\t\t\t\t\t <div class=\"ad-info-1\">\n\t\t\t\t\t\t\t<ul class=\"list-unstyled\"><li><i class=\"flaticon-gas-station-1\"><\/i>Gasolina<\/li><li><i class=\"flaticon-dashboard\"><\/i>48,000 km<\/li><li><i class=\"flaticon-engine-2\"><\/i>1,000 cc<\/li><\/ul>\n\t\t\t\t\t\t <\/div>\n\t\t\t\t\t  <\/div>\n\t\t\t\t   <\/div><div class=\"col-md-4  col-lg-4 col-sm-6 col-xs-12\" id=\".holder-7343\">\n\t\t\t\t\t  <div class=\"white category-grid-box-1 \">\n\t\t\t\t\t\t <!-- Image Box -->\n\t\t\t\t\t\t \n\t\t\t\t\t\t <div class=\"image\">\n\t\t\t\t\t \n\t\t\t\t\t<a href=\"https:\/\/eurocarslanucia.com\/es\/ad\/opel-mokka-x-automaat-3\/\"><img decoding=\"async\" src=\"https:\/\/eurocarslanucia.com\/wp-content\/uploads\/2022\/05\/20220519_123223-360x270.jpg\" alt=\"(Vendido)Opel Mokka x Automatico !\" class=\"img-responsive\"\/><\/a> \n\t\t\t\t\t<\/div>\n\t\t\t\t\t\t <!-- Short Description -->\n\t\t\t\t\t\t <div class=\"short-description-1 \">\n\t\t\t\t\t\t\t<!-- Category Title -->\n\t\t\t\t\t\t\t<div class=\"category-title\"> <span class=\"padding_cats\"><a href=\"https:\/\/eurocarslanucia.com\/es\/ad_category\/opel-es\/\">Opel<\/a><\/span> <\/div>\n\t\t\t\t\t\t\t<!-- Ad Title -->\n\t\t\t\t\t\t\t<h3><a href=\"https:\/\/eurocarslanucia.com\/es\/ad\/opel-mokka-x-automaat-3\/\">(Vendido)Opel Mokka ...<\/a><\/h3>\n\t\t\t\t\t\t\t<!-- Location -->\n\t\t\t\t\t\t\t\n\t\t\t\t\t\t\t <span class=\"ad-price\">0\u20ac<span class=\"\"> (Precio cerrado)<\/span><\/span> \n\t\t\t\t\t\t <\/div>\n\t\t\t\t\t\t <!-- Ad Meta Stats -->\n\t\t\t\t\t\t <div class=\"ad-info-1\">\n\t\t\t\t\t\t\t<ul class=\"list-unstyled\"><li><i class=\"flaticon-gas-station-1\"><\/i>Gasolina<\/li><li><i class=\"flaticon-dashboard\"><\/i>41,900 km<\/li><li><i class=\"flaticon-engine-2\"><\/i>1,400 cc<\/li><\/ul>\n\t\t\t\t\t\t <\/div>\n\t\t\t\t\t  <\/div>\n\t\t\t\t   <\/div><div class=\"col-md-4  col-lg-4 col-sm-6 col-xs-12\" id=\".holder-7524\">\n\t\t\t\t\t  <div class=\"white category-grid-box-1 \">\n\t\t\t\t\t\t <!-- Image Box -->\n\t\t\t\t\t\t \n\t\t\t\t\t\t <div class=\"image\">\n\t\t\t\t\t \n\t\t\t\t\t<a href=\"https:\/\/eurocarslanucia.com\/es\/ad\/peugeot-2008-allure-automaat-2\/\"><img decoding=\"async\" src=\"https:\/\/eurocarslanucia.com\/wp-content\/uploads\/2022\/06\/20220602_131150-360x270.jpg\" alt=\"(Vendido)Peugeot 2008 Allure Automatico !\" class=\"img-responsive\"\/><\/a> \n\t\t\t\t\t<\/div>\n\t\t\t\t\t\t <!-- Short Description -->\n\t\t\t\t\t\t <div class=\"short-description-1 \">\n\t\t\t\t\t\t\t<!-- Category Title -->\n\t\t\t\t\t\t\t<div class=\"category-title\"> <span class=\"padding_cats\"><a href=\"https:\/\/eurocarslanucia.com\/es\/ad_category\/peugeot-es\/\">Peugeot<\/a><\/span> <\/div>\n\t\t\t\t\t\t\t<!-- Ad Title -->\n\t\t\t\t\t\t\t<h3><a href=\"https:\/\/eurocarslanucia.com\/es\/ad\/peugeot-2008-allure-automaat-2\/\">(Vendido)Peugeot 200...<\/a><\/h3>\n\t\t\t\t\t\t\t<!-- Location -->\n\t\t\t\t\t\t\t\n\t\t\t\t\t\t\t <span class=\"ad-price\">0\u20ac<span class=\"\"> (Precio cerrado)<\/span><\/span> \n\t\t\t\t\t\t <\/div>\n\t\t\t\t\t\t <!-- Ad Meta Stats -->\n\t\t\t\t\t\t <div class=\"ad-info-1\">\n\t\t\t\t\t\t\t<ul class=\"list-unstyled\"><li><i class=\"flaticon-gas-station-1\"><\/i>Gasolina<\/li><li><i class=\"flaticon-dashboard\"><\/i>74,000 km<\/li><li><i class=\"flaticon-engine-2\"><\/i>1,200 cc<\/li><\/ul>\n\t\t\t\t\t\t <\/div>\n\t\t\t\t\t  <\/div>\n\t\t\t\t   <\/div><div class=\"col-md-4  col-lg-4 col-sm-6 col-xs-12\" id=\".holder-7654\">\n\t\t\t\t\t  <div class=\"white category-grid-box-1 \">\n\t\t\t\t\t\t <!-- Image Box -->\n\t\t\t\t\t\t \n\t\t\t\t\t\t <div class=\"image\">\n\t\t\t\t\t \n\t\t\t\t\t<a href=\"https:\/\/eurocarslanucia.com\/es\/ad\/seat-arona-automaat\/\"><img decoding=\"async\" src=\"https:\/\/eurocarslanucia.com\/wp-content\/uploads\/2022\/06\/20220616_092951-360x270.jpg\" alt=\"Seat Arona Automatico !\" class=\"img-responsive\"\/><\/a> \n\t\t\t\t\t<\/div>\n\t\t\t\t\t\t <!-- Short Description -->\n\t\t\t\t\t\t <div class=\"short-description-1 \">\n\t\t\t\t\t\t\t<!-- Category Title -->\n\t\t\t\t\t\t\t<div class=\"category-title\"> <span class=\"padding_cats\"><a href=\"https:\/\/eurocarslanucia.com\/es\/ad_category\/seat\/\">Seat<\/a><\/span><span class=\"padding_cats\"><a href=\"https:\/\/eurocarslanucia.com\/es\/ad_category\/seat-es\/\">Seat<\/a><\/span> <\/div>\n\t\t\t\t\t\t\t<!-- Ad Title -->\n\t\t\t\t\t\t\t<h3><a href=\"https:\/\/eurocarslanucia.com\/es\/ad\/seat-arona-automaat\/\">Seat Arona Automatico !<\/a><\/h3>\n\t\t\t\t\t\t\t<!-- Location -->\n\t\t\t\t\t\t\t\n\t\t\t\t\t\t\t <span class=\"ad-price\">22,500\u20ac<span class=\"\"> (Precio cerrado)<\/span><\/span> \n\t\t\t\t\t\t <\/div>\n\t\t\t\t\t\t <!-- Ad Meta Stats -->\n\t\t\t\t\t\t <div class=\"ad-info-1\">\n\t\t\t\t\t\t\t<ul class=\"list-unstyled\"><li><i class=\"flaticon-gas-station-1\"><\/i>Gasolina<\/li><li><i class=\"flaticon-dashboard\"><\/i>45,200 km<\/li><li><i class=\"flaticon-engine-2\"><\/i>1,000 cc<\/li><\/ul>\n\t\t\t\t\t\t <\/div>\n\t\t\t\t\t  <\/div>\n\t\t\t\t   <\/div><div class=\"col-md-4  col-lg-4 col-sm-6 col-xs-12\" id=\".holder-7768\">\n\t\t\t\t\t  <div class=\"white category-grid-box-1 \">\n\t\t\t\t\t\t <!-- Image Box -->\n\t\t\t\t\t\t \n\t\t\t\t\t\t <div class=\"image\">\n\t\t\t\t\t \n\t\t\t\t\t<a href=\"https:\/\/eurocarslanucia.com\/es\/ad\/mazda-cx3-automaat\/\"><img decoding=\"async\" src=\"https:\/\/eurocarslanucia.com\/wp-content\/uploads\/2022\/07\/20220706_110842-360x270.jpg\" alt=\"Mazda CX3 Automatico !\" class=\"img-responsive\"\/><\/a> \n\t\t\t\t\t<\/div>\n\t\t\t\t\t\t <!-- Short Description -->\n\t\t\t\t\t\t <div class=\"short-description-1 \">\n\t\t\t\t\t\t\t<!-- Category Title -->\n\t\t\t\t\t\t\t<div class=\"category-title\">  <\/div>\n\t\t\t\t\t\t\t<!-- Ad Title -->\n\t\t\t\t\t\t\t<h3><a href=\"https:\/\/eurocarslanucia.com\/es\/ad\/mazda-cx3-automaat\/\">Mazda CX3 Automatico !<\/a><\/h3>\n\t\t\t\t\t\t\t<!-- Location -->\n\t\t\t\t\t\t\t\n\t\t\t\t\t\t\t <span class=\"ad-price\">22,800\u20ac<span class=\"\"> (Precio cerrado)<\/span><\/span> \n\t\t\t\t\t\t <\/div>\n\t\t\t\t\t\t <!-- Ad Meta Stats -->\n\t\t\t\t\t\t <div class=\"ad-info-1\">\n\t\t\t\t\t\t\t<ul class=\"list-unstyled\"><li><i class=\"flaticon-gas-station-1\"><\/i>Gasolina<\/li><li><i class=\"flaticon-dashboard\"><\/i>46,100 km<\/li><li><i class=\"flaticon-engine-2\"><\/i>2,000 cc<\/li><\/ul>\n\t\t\t\t\t\t <\/div>\n\t\t\t\t\t  <\/div>\n\t\t\t\t   <\/div><div class=\"col-md-4  col-lg-4 col-sm-6 col-xs-12\" id=\".holder-7791\">\n\t\t\t\t\t  <div class=\"white category-grid-box-1 \">\n\t\t\t\t\t\t <!-- Image Box -->\n\t\t\t\t\t\t \n\t\t\t\t\t\t <div class=\"image\">\n\t\t\t\t\t \n\t\t\t\t\t<a href=\"https:\/\/eurocarslanucia.com\/es\/ad\/ford-ka-2\/\"><img decoding=\"async\" src=\"https:\/\/eurocarslanucia.com\/wp-content\/uploads\/2022\/07\/20220718_093429-360x270.jpg\" alt=\"(Vendido)Ford KA +\" class=\"img-responsive\"\/><\/a> \n\t\t\t\t\t<\/div>\n\t\t\t\t\t\t <!-- Short Description -->\n\t\t\t\t\t\t <div class=\"short-description-1 \">\n\t\t\t\t\t\t\t<!-- Category Title -->\n\t\t\t\t\t\t\t<div class=\"category-title\">  <\/div>\n\t\t\t\t\t\t\t<!-- Ad Title -->\n\t\t\t\t\t\t\t<h3><a href=\"https:\/\/eurocarslanucia.com\/es\/ad\/ford-ka-2\/\">(Vendido)Ford KA +<\/a><\/h3>\n\t\t\t\t\t\t\t<!-- Location -->\n\t\t\t\t\t\t\t\n\t\t\t\t\t\t\t <span class=\"ad-price\">0\u20ac<span class=\"\"> (Precio cerrado)<\/span><\/span> \n\t\t\t\t\t\t <\/div>\n\t\t\t\t\t\t <!-- Ad Meta Stats -->\n\t\t\t\t\t\t <div class=\"ad-info-1\">\n\t\t\t\t\t\t\t<ul class=\"list-unstyled\"><li><i class=\"flaticon-gas-station-1\"><\/i>Gasolina<\/li><li><i class=\"flaticon-dashboard\"><\/i>11,500 km<\/li><li><i class=\"flaticon-engine-2\"><\/i>1,200 cc<\/li><\/ul>\n\t\t\t\t\t\t <\/div>\n\t\t\t\t\t  <\/div>\n\t\t\t\t   <\/div><div class=\"col-md-4  col-lg-4 col-sm-6 col-xs-12\" id=\".holder-7875\">\n\t\t\t\t\t  <div class=\"white category-grid-box-1 \">\n\t\t\t\t\t\t <!-- Image Box -->\n\t\t\t\t\t\t \n\t\t\t\t\t\t <div class=\"image\">\n\t\t\t\t\t \n\t\t\t\t\t<a href=\"https:\/\/eurocarslanucia.com\/es\/ad\/nissan-pulsar\/\"><img decoding=\"async\" src=\"https:\/\/eurocarslanucia.com\/wp-content\/uploads\/2022\/07\/IMG-20220728-WA0007-360x270.jpg\" alt=\"(Vendido)Nissan Pulsar !\" class=\"img-responsive\"\/><\/a> \n\t\t\t\t\t<\/div>\n\t\t\t\t\t\t <!-- Short Description -->\n\t\t\t\t\t\t <div class=\"short-description-1 \">\n\t\t\t\t\t\t\t<!-- Category Title -->\n\t\t\t\t\t\t\t<div class=\"category-title\"> <span class=\"padding_cats\"><a href=\"https:\/\/eurocarslanucia.com\/es\/ad_category\/nissan\/\">Nissan<\/a><\/span> <\/div>\n\t\t\t\t\t\t\t<!-- Ad Title -->\n\t\t\t\t\t\t\t<h3><a href=\"https:\/\/eurocarslanucia.com\/es\/ad\/nissan-pulsar\/\">(Vendido)Nissan Puls...<\/a><\/h3>\n\t\t\t\t\t\t\t<!-- Location -->\n\t\t\t\t\t\t\t\n\t\t\t\t\t\t\t <span class=\"ad-price\">0\u20ac<span class=\"\"> (Precio cerrado)<\/span><\/span> \n\t\t\t\t\t\t <\/div>\n\t\t\t\t\t\t <!-- Ad Meta Stats -->\n\t\t\t\t\t\t <div class=\"ad-info-1\">\n\t\t\t\t\t\t\t<ul class=\"list-unstyled\"><li><i class=\"flaticon-gas-station-1\"><\/i>Diesel<\/li><li><i class=\"flaticon-dashboard\"><\/i>52,400 km<\/li><li><i class=\"flaticon-engine-2\"><\/i>1,500 cc<\/li><\/ul>\n\t\t\t\t\t\t <\/div>\n\t\t\t\t\t  <\/div>\n\t\t\t\t   <\/div><div class=\"col-md-4  col-lg-4 col-sm-6 col-xs-12\" id=\".holder-7973\">\n\t\t\t\t\t  <div class=\"white category-grid-box-1 \">\n\t\t\t\t\t\t <!-- Image Box -->\n\t\t\t\t\t\t \n\t\t\t\t\t\t <div class=\"image\">\n\t\t\t\t\t \n\t\t\t\t\t<a href=\"https:\/\/eurocarslanucia.com\/es\/ad\/7953-2\/\"><img decoding=\"async\" src=\"https:\/\/eurocarslanucia.com\/wp-content\/uploads\/2022\/08\/IMG-20220821-WA0019-360x270.jpg\" alt=\"Opel Crossland X Automatico !\" class=\"img-responsive\"\/><\/a> \n\t\t\t\t\t<\/div>\n\t\t\t\t\t\t <!-- Short Description -->\n\t\t\t\t\t\t <div class=\"short-description-1 \">\n\t\t\t\t\t\t\t<!-- Category Title -->\n\t\t\t\t\t\t\t<div class=\"category-title\"> <span class=\"padding_cats\"><a href=\"https:\/\/eurocarslanucia.com\/es\/ad_category\/opel\/\">Opel<\/a><\/span><span class=\"padding_cats\"><a href=\"https:\/\/eurocarslanucia.com\/es\/ad_category\/opel-es\/\">Opel<\/a><\/span> <\/div>\n\t\t\t\t\t\t\t<!-- Ad Title -->\n\t\t\t\t\t\t\t<h3><a href=\"https:\/\/eurocarslanucia.com\/es\/ad\/7953-2\/\">Opel Crossland X Aut...<\/a><\/h3>\n\t\t\t\t\t\t\t<!-- Location -->\n\t\t\t\t\t\t\t\n\t\t\t\t\t\t\t <span class=\"ad-price\">23,700\u20ac<span class=\"\"> (Precio cerrado)<\/span><\/span> \n\t\t\t\t\t\t <\/div>\n\t\t\t\t\t\t <!-- Ad Meta Stats -->\n\t\t\t\t\t\t <div class=\"ad-info-1\">\n\t\t\t\t\t\t\t<ul class=\"list-unstyled\"><li><i class=\"flaticon-gas-station-1\"><\/i>Diesel<\/li><li><i class=\"flaticon-dashboard\"><\/i>23,300 km<\/li><li><i class=\"flaticon-engine-2\"><\/i>1,500 cc<\/li><\/ul>\n\t\t\t\t\t\t <\/div>\n\t\t\t\t\t  <\/div>\n\t\t\t\t   <\/div><div class=\"col-md-4  col-lg-4 col-sm-6 col-xs-12\" id=\".holder-8031\">\n\t\t\t\t\t  <div class=\"white category-grid-box-1 \">\n\t\t\t\t\t\t <!-- Image Box -->\n\t\t\t\t\t\t \n\t\t\t\t\t\t <div class=\"image\">\n\t\t\t\t\t \n\t\t\t\t\t<a href=\"https:\/\/eurocarslanucia.com\/es\/ad\/bmw-218d-gran-tourer-automaat\/\"><img decoding=\"async\" src=\"https:\/\/eurocarslanucia.com\/wp-content\/uploads\/2022\/08\/IMG-20220821-WA0015-360x270.jpg\" alt=\"(Vendido)Bmw 218D Gran Tourer (7 Plazas)Automatico !\" class=\"img-responsive\"\/><\/a> \n\t\t\t\t\t<\/div>\n\t\t\t\t\t\t <!-- Short Description -->\n\t\t\t\t\t\t <div class=\"short-description-1 \">\n\t\t\t\t\t\t\t<!-- Category Title -->\n\t\t\t\t\t\t\t<div class=\"category-title\"> <span class=\"padding_cats\"><a href=\"https:\/\/eurocarslanucia.com\/es\/ad_category\/2-series-es\/\">2 Series<\/a><\/span><span class=\"padding_cats\"><a href=\"https:\/\/eurocarslanucia.com\/es\/ad_category\/bmw-es\/\">BMW<\/a><\/span> <\/div>\n\t\t\t\t\t\t\t<!-- Ad Title -->\n\t\t\t\t\t\t\t<h3><a href=\"https:\/\/eurocarslanucia.com\/es\/ad\/bmw-218d-gran-tourer-automaat\/\">(Vendido)Bmw 218D Gr...<\/a><\/h3>\n\t\t\t\t\t\t\t<!-- Location -->\n\t\t\t\t\t\t\t\n\t\t\t\t\t\t\t <span class=\"ad-price\">0\u20ac<span class=\"\"> (Precio cerrado)<\/span><\/span> \n\t\t\t\t\t\t <\/div>\n\t\t\t\t\t\t <!-- Ad Meta Stats -->\n\t\t\t\t\t\t <div class=\"ad-info-1\">\n\t\t\t\t\t\t\t<ul class=\"list-unstyled\"><li><i class=\"flaticon-gas-station-1\"><\/i>Diesel<\/li><li><i class=\"flaticon-dashboard\"><\/i>24,900 km<\/li><li><i class=\"flaticon-engine-2\"><\/i>2,000 cc<\/li><\/ul>\n\t\t\t\t\t\t <\/div>\n\t\t\t\t\t  <\/div>\n\t\t\t\t   <\/div><div class=\"col-md-4  col-lg-4 col-sm-6 col-xs-12\" id=\".holder-8053\">\n\t\t\t\t\t  <div class=\"white category-grid-box-1 \">\n\t\t\t\t\t\t <!-- Image Box -->\n\t\t\t\t\t\t \n\t\t\t\t\t\t <div class=\"image\">\n\t\t\t\t\t \n\t\t\t\t\t<a href=\"https:\/\/eurocarslanucia.com\/es\/ad\/abarth-500c-595-cabrioautomaat\/\"><img decoding=\"async\" src=\"https:\/\/eurocarslanucia.com\/wp-content\/uploads\/2022\/09\/IMG-20220906-WA0001-360x270.jpg\" alt=\"Abarth 500C 595 CabrioAutomatico !\" class=\"img-responsive\"\/><\/a> \n\t\t\t\t\t<\/div>\n\t\t\t\t\t\t <!-- Short Description -->\n\t\t\t\t\t\t <div class=\"short-description-1 \">\n\t\t\t\t\t\t\t<!-- Category Title -->\n\t\t\t\t\t\t\t<div class=\"category-title\">  <\/div>\n\t\t\t\t\t\t\t<!-- Ad Title -->\n\t\t\t\t\t\t\t<h3><a href=\"https:\/\/eurocarslanucia.com\/es\/ad\/abarth-500c-595-cabrioautomaat\/\">Abarth 500C 595 Cabr...<\/a><\/h3>\n\t\t\t\t\t\t\t<!-- Location -->\n\t\t\t\t\t\t\t\n\t\t\t\t\t\t\t <span class=\"ad-price\">20,900\u20ac<span class=\"\"> (Precio cerrado)<\/span><\/span> \n\t\t\t\t\t\t <\/div>\n\t\t\t\t\t\t <!-- Ad Meta Stats -->\n\t\t\t\t\t\t <div class=\"ad-info-1\">\n\t\t\t\t\t\t\t<ul class=\"list-unstyled\"><li><i class=\"flaticon-gas-station-1\"><\/i>Gasolina<\/li><li><i class=\"flaticon-dashboard\"><\/i>68,900 km<\/li><li><i class=\"flaticon-engine-2\"><\/i>1,400 cc<\/li><\/ul>\n\t\t\t\t\t\t <\/div>\n\t\t\t\t\t  <\/div>\n\t\t\t\t   <\/div><div class=\"col-md-4  col-lg-4 col-sm-6 col-xs-12\" id=\".holder-8076\">\n\t\t\t\t\t  <div class=\"white category-grid-box-1 \">\n\t\t\t\t\t\t <!-- Image Box -->\n\t\t\t\t\t\t \n\t\t\t\t\t\t <div class=\"image\">\n\t\t\t\t\t \n\t\t\t\t\t<a href=\"https:\/\/eurocarslanucia.com\/es\/ad\/kia-rio\/\"><img decoding=\"async\" src=\"https:\/\/eurocarslanucia.com\/wp-content\/uploads\/2022\/09\/IMG-20220923-WA0007-360x270.jpg\" alt=\"Kia Rio\" class=\"img-responsive\"\/><\/a> \n\t\t\t\t\t<\/div>\n\t\t\t\t\t\t <!-- Short Description -->\n\t\t\t\t\t\t <div class=\"short-description-1 \">\n\t\t\t\t\t\t\t<!-- Category Title -->\n\t\t\t\t\t\t\t<div class=\"category-title\">  <\/div>\n\t\t\t\t\t\t\t<!-- Ad Title -->\n\t\t\t\t\t\t\t<h3><a href=\"https:\/\/eurocarslanucia.com\/es\/ad\/kia-rio\/\">Kia Rio<\/a><\/h3>\n\t\t\t\t\t\t\t<!-- Location -->\n\t\t\t\t\t\t\t\n\t\t\t\t\t\t\t <span class=\"ad-price\">13,300\u20ac<span class=\"\"> (Precio cerrado)<\/span><\/span> \n\t\t\t\t\t\t <\/div>\n\t\t\t\t\t\t <!-- Ad Meta Stats -->\n\t\t\t\t\t\t <div class=\"ad-info-1\">\n\t\t\t\t\t\t\t<ul class=\"list-unstyled\"><li><i class=\"flaticon-gas-station-1\"><\/i>Gasolina<\/li><li><i class=\"flaticon-dashboard\"><\/i>9,700 km<\/li><li><i class=\"flaticon-engine-2\"><\/i>1,300 cc<\/li><\/ul>\n\t\t\t\t\t\t <\/div>\n\t\t\t\t\t  <\/div>\n\t\t\t\t   <\/div><div class=\"col-md-4  col-lg-4 col-sm-6 col-xs-12\" id=\".holder-8116\">\n\t\t\t\t\t  <div class=\"white category-grid-box-1 \">\n\t\t\t\t\t\t <!-- Image Box -->\n\t\t\t\t\t\t \n\t\t\t\t\t\t <div class=\"image\">\n\t\t\t\t\t \n\t\t\t\t\t<a href=\"https:\/\/eurocarslanucia.com\/es\/ad\/mazda-cx-30-automaat\/\"><img decoding=\"async\" src=\"https:\/\/eurocarslanucia.com\/wp-content\/uploads\/2022\/09\/IMG-20220923-WA0024-360x270.jpg\" alt=\"(Vendido) Mazda CX &#8211; 30 Automatico !\" class=\"img-responsive\"\/><\/a> \n\t\t\t\t\t<\/div>\n\t\t\t\t\t\t <!-- Short Description -->\n\t\t\t\t\t\t <div class=\"short-description-1 \">\n\t\t\t\t\t\t\t<!-- Category Title -->\n\t\t\t\t\t\t\t<div class=\"category-title\">  <\/div>\n\t\t\t\t\t\t\t<!-- Ad Title -->\n\t\t\t\t\t\t\t<h3><a href=\"https:\/\/eurocarslanucia.com\/es\/ad\/mazda-cx-30-automaat\/\">(Vendido) Mazda CX &...<\/a><\/h3>\n\t\t\t\t\t\t\t<!-- Location -->\n\t\t\t\t\t\t\t\n\t\t\t\t\t\t\t <span class=\"ad-price\">0\u20ac<span class=\"\"> (Precio cerrado)<\/span><\/span> \n\t\t\t\t\t\t <\/div>\n\t\t\t\t\t\t <!-- Ad Meta Stats -->\n\t\t\t\t\t\t <div class=\"ad-info-1\">\n\t\t\t\t\t\t\t<ul class=\"list-unstyled\"><li><i class=\"flaticon-gas-station-1\"><\/i>Gasolina<\/li><li><i class=\"flaticon-dashboard\"><\/i>21,400 km<\/li><li><i class=\"flaticon-engine-2\"><\/i>2,000 cc<\/li><\/ul>\n\t\t\t\t\t\t <\/div>\n\t\t\t\t\t  <\/div>\n\t\t\t\t   <\/div><div class=\"col-md-4  col-lg-4 col-sm-6 col-xs-12\" id=\".holder-8140\">\n\t\t\t\t\t  <div class=\"white category-grid-box-1 \">\n\t\t\t\t\t\t <!-- Image Box -->\n\t\t\t\t\t\t \n\t\t\t\t\t\t <div class=\"image\">\n\t\t\t\t\t \n\t\t\t\t\t<a href=\"https:\/\/eurocarslanucia.com\/es\/ad\/nissan-x-trail\/\"><img decoding=\"async\" src=\"https:\/\/eurocarslanucia.com\/wp-content\/uploads\/2022\/09\/IMG-20220923-WA0018-360x270.jpg\" alt=\"Nissan X-Trail\" class=\"img-responsive\"\/><\/a> \n\t\t\t\t\t<\/div>\n\t\t\t\t\t\t <!-- Short Description -->\n\t\t\t\t\t\t <div class=\"short-description-1 \">\n\t\t\t\t\t\t\t<!-- Category Title -->\n\t\t\t\t\t\t\t<div class=\"category-title\"> <span class=\"padding_cats\"><a href=\"https:\/\/eurocarslanucia.com\/es\/ad_category\/nissan\/\">Nissan<\/a><\/span><span class=\"padding_cats\"><a href=\"https:\/\/eurocarslanucia.com\/es\/ad_category\/nissan-es\/\">Nissan<\/a><\/span> <\/div>\n\t\t\t\t\t\t\t<!-- Ad Title -->\n\t\t\t\t\t\t\t<h3><a href=\"https:\/\/eurocarslanucia.com\/es\/ad\/nissan-x-trail\/\">Nissan X-Trail<\/a><\/h3>\n\t\t\t\t\t\t\t<!-- Location -->\n\t\t\t\t\t\t\t\n\t\t\t\t\t\t\t <span class=\"ad-price\">19,800\u20ac<span class=\"\"> (Precio cerrado)<\/span><\/span> \n\t\t\t\t\t\t <\/div>\n\t\t\t\t\t\t <!-- Ad Meta Stats -->\n\t\t\t\t\t\t <div class=\"ad-info-1\">\n\t\t\t\t\t\t\t<ul class=\"list-unstyled\"><li><i class=\"flaticon-gas-station-1\"><\/i>Diesel<\/li><li><i class=\"flaticon-dashboard\"><\/i>86,500 km<\/li><li><i class=\"flaticon-engine-2\"><\/i>1,600 cc<\/li><\/ul>\n\t\t\t\t\t\t <\/div>\n\t\t\t\t\t  <\/div>\n\t\t\t\t   <\/div><div class=\"col-md-4  col-lg-4 col-sm-6 col-xs-12\" id=\".holder-8166\">\n\t\t\t\t\t  <div class=\"white category-grid-box-1 \">\n\t\t\t\t\t\t <!-- Image Box -->\n\t\t\t\t\t\t \n\t\t\t\t\t\t <div class=\"image\">\n\t\t\t\t\t \n\t\t\t\t\t<a href=\"https:\/\/eurocarslanucia.com\/es\/ad\/kia-carens\/\"><img decoding=\"async\" src=\"https:\/\/eurocarslanucia.com\/wp-content\/uploads\/2022\/09\/IMG-20220927-WA0008-360x270.jpg\" alt=\"(Vendido) Kia Carens 7 Plazas !\" class=\"img-responsive\"\/><\/a> \n\t\t\t\t\t<\/div>\n\t\t\t\t\t\t <!-- Short Description -->\n\t\t\t\t\t\t <div class=\"short-description-1 \">\n\t\t\t\t\t\t\t<!-- Category Title -->\n\t\t\t\t\t\t\t<div class=\"category-title\">  <\/div>\n\t\t\t\t\t\t\t<!-- Ad Title -->\n\t\t\t\t\t\t\t<h3><a href=\"https:\/\/eurocarslanucia.com\/es\/ad\/kia-carens\/\">(Vendido) Kia Carens...<\/a><\/h3>\n\t\t\t\t\t\t\t<!-- Location -->\n\t\t\t\t\t\t\t\n\t\t\t\t\t\t\t <span class=\"ad-price\">0\u20ac<span class=\"\"> (Precio cerrado)<\/span><\/span> \n\t\t\t\t\t\t <\/div>\n\t\t\t\t\t\t <!-- Ad Meta Stats -->\n\t\t\t\t\t\t <div class=\"ad-info-1\">\n\t\t\t\t\t\t\t<ul class=\"list-unstyled\"><li><i class=\"flaticon-gas-station-1\"><\/i>Gasolina<\/li><li><i class=\"flaticon-dashboard\"><\/i>36,600 km<\/li><li><i class=\"flaticon-engine-2\"><\/i>1,600 cc<\/li><\/ul>\n\t\t\t\t\t\t <\/div>\n\t\t\t\t\t  <\/div>\n\t\t\t\t   <\/div><div class=\"col-md-4  col-lg-4 col-sm-6 col-xs-12\" id=\".holder-8251\">\n\t\t\t\t\t  <div class=\"white category-grid-box-1 \">\n\t\t\t\t\t\t <!-- Image Box -->\n\t\t\t\t\t\t \n\t\t\t\t\t\t <div class=\"image\">\n\t\t\t\t\t \n\t\t\t\t\t<a href=\"https:\/\/eurocarslanucia.com\/es\/ad\/citroen-c3-aircross-automaat-2\/\"><img decoding=\"async\" src=\"https:\/\/eurocarslanucia.com\/wp-content\/uploads\/2022\/10\/20221018_114934-360x270.jpg\" alt=\"Citroen C3 Aircross Automatico !\" class=\"img-responsive\"\/><\/a> \n\t\t\t\t\t<\/div>\n\t\t\t\t\t\t <!-- Short Description -->\n\t\t\t\t\t\t <div class=\"short-description-1 \">\n\t\t\t\t\t\t\t<!-- Category Title -->\n\t\t\t\t\t\t\t<div class=\"category-title\">  <\/div>\n\t\t\t\t\t\t\t<!-- Ad Title -->\n\t\t\t\t\t\t\t<h3><a href=\"https:\/\/eurocarslanucia.com\/es\/ad\/citroen-c3-aircross-automaat-2\/\">Citroen C3 Aircross ...<\/a><\/h3>\n\t\t\t\t\t\t\t<!-- Location -->\n\t\t\t\t\t\t\t\n\t\t\t\t\t\t\t <span class=\"ad-price\">20,900\u20ac<span class=\"\"> (Precio cerrado)<\/span><\/span> \n\t\t\t\t\t\t <\/div>\n\t\t\t\t\t\t <!-- Ad Meta Stats -->\n\t\t\t\t\t\t <div class=\"ad-info-1\">\n\t\t\t\t\t\t\t<ul class=\"list-unstyled\"><li><i class=\"flaticon-gas-station-1\"><\/i>Gasolina<\/li><li><i class=\"flaticon-dashboard\"><\/i>48,900 km<\/li><li><i class=\"flaticon-engine-2\"><\/i>1,200 cc<\/li><\/ul>\n\t\t\t\t\t\t <\/div>\n\t\t\t\t\t  <\/div>\n\t\t\t\t   <\/div><div class=\"col-md-4  col-lg-4 col-sm-6 col-xs-12\" id=\".holder-8411\">\n\t\t\t\t\t  <div class=\"white category-grid-box-1 \">\n\t\t\t\t\t\t <!-- Image Box -->\n\t\t\t\t\t\t \n\t\t\t\t\t\t <div class=\"image\">\n\t\t\t\t\t \n\t\t\t\t\t<a href=\"https:\/\/eurocarslanucia.com\/es\/ad\/skoda-octavia-automaat\/\"><img decoding=\"async\" src=\"https:\/\/eurocarslanucia.com\/wp-content\/uploads\/2022\/11\/20221108_115814-360x270.jpg\" alt=\"Skoda Octavia Automatico !\" class=\"img-responsive\"\/><\/a> \n\t\t\t\t\t<\/div>\n\t\t\t\t\t\t <!-- Short Description -->\n\t\t\t\t\t\t <div class=\"short-description-1 \">\n\t\t\t\t\t\t\t<!-- Category Title -->\n\t\t\t\t\t\t\t<div class=\"category-title\">  <\/div>\n\t\t\t\t\t\t\t<!-- Ad Title -->\n\t\t\t\t\t\t\t<h3><a href=\"https:\/\/eurocarslanucia.com\/es\/ad\/skoda-octavia-automaat\/\">Skoda Octavia Automa...<\/a><\/h3>\n\t\t\t\t\t\t\t<!-- Location -->\n\t\t\t\t\t\t\t\n\t\t\t\t\t\t\t <span class=\"ad-price\">15,900\u20ac<span class=\"\"> (Precio cerrado)<\/span><\/span> \n\t\t\t\t\t\t <\/div>\n\t\t\t\t\t\t <!-- Ad Meta Stats -->\n\t\t\t\t\t\t <div class=\"ad-info-1\">\n\t\t\t\t\t\t\t<ul class=\"list-unstyled\"><li><i class=\"flaticon-gas-station-1\"><\/i>Gasolina<\/li><li><i class=\"flaticon-dashboard\"><\/i>75,000 km<\/li><li><i class=\"flaticon-engine-2\"><\/i>1,200 cc<\/li><\/ul>\n\t\t\t\t\t\t <\/div>\n\t\t\t\t\t  <\/div>\n\t\t\t\t   <\/div><div class=\"col-md-4  col-lg-4 col-sm-6 col-xs-12\" id=\".holder-8435\">\n\t\t\t\t\t  <div class=\"white category-grid-box-1 \">\n\t\t\t\t\t\t <!-- Image Box -->\n\t\t\t\t\t\t \n\t\t\t\t\t\t <div class=\"image\">\n\t\t\t\t\t \n\t\t\t\t\t<a href=\"https:\/\/eurocarslanucia.com\/es\/ad\/citroen-c3-automaat\/\"><img decoding=\"async\" src=\"https:\/\/eurocarslanucia.com\/wp-content\/uploads\/2022\/11\/20221108_115712-360x270.jpg\" alt=\"Citroen c3 Automatico !\" class=\"img-responsive\"\/><\/a> \n\t\t\t\t\t<\/div>\n\t\t\t\t\t\t <!-- Short Description -->\n\t\t\t\t\t\t <div class=\"short-description-1 \">\n\t\t\t\t\t\t\t<!-- Category Title -->\n\t\t\t\t\t\t\t<div class=\"category-title\">  <\/div>\n\t\t\t\t\t\t\t<!-- Ad Title -->\n\t\t\t\t\t\t\t<h3><a href=\"https:\/\/eurocarslanucia.com\/es\/ad\/citroen-c3-automaat\/\">Citroen c3 Automatico !<\/a><\/h3>\n\t\t\t\t\t\t\t<!-- Location -->\n\t\t\t\t\t\t\t\n\t\t\t\t\t\t\t <span class=\"ad-price\">18,800\u20ac<span class=\"\"> (Precio cerrado)<\/span><\/span> \n\t\t\t\t\t\t <\/div>\n\t\t\t\t\t\t <!-- Ad Meta Stats -->\n\t\t\t\t\t\t <div class=\"ad-info-1\">\n\t\t\t\t\t\t\t<ul class=\"list-unstyled\"><li><i class=\"flaticon-gas-station-1\"><\/i>Gasolina<\/li><li><i class=\"flaticon-dashboard\"><\/i>38,000 km<\/li><li><i class=\"flaticon-engine-2\"><\/i>1,200 cc<\/li><\/ul>\n\t\t\t\t\t\t <\/div>\n\t\t\t\t\t  <\/div>\n\t\t\t\t   <\/div><div class=\"col-md-4  col-lg-4 col-sm-6 col-xs-12\" id=\".holder-8472\">\n\t\t\t\t\t  <div class=\"white category-grid-box-1 \">\n\t\t\t\t\t\t <!-- Image Box -->\n\t\t\t\t\t\t \n\t\t\t\t\t\t <div class=\"image\">\n\t\t\t\t\t \n\t\t\t\t\t<a href=\"https:\/\/eurocarslanucia.com\/es\/ad\/peugeot-207-cc-cabrio-automaat\/\"><img decoding=\"async\" src=\"https:\/\/eurocarslanucia.com\/wp-content\/uploads\/2022\/11\/20221129_124343-360x270.jpg\" alt=\"Peugeot 207 CC Cabrio Automatico !\" class=\"img-responsive\"\/><\/a> \n\t\t\t\t\t<\/div>\n\t\t\t\t\t\t <!-- Short Description -->\n\t\t\t\t\t\t <div class=\"short-description-1 \">\n\t\t\t\t\t\t\t<!-- Category Title -->\n\t\t\t\t\t\t\t<div class=\"category-title\"> <span class=\"padding_cats\"><a href=\"https:\/\/eurocarslanucia.com\/es\/ad_category\/peugeot-es\/\">Peugeot<\/a><\/span> <\/div>\n\t\t\t\t\t\t\t<!-- Ad Title -->\n\t\t\t\t\t\t\t<h3><a href=\"https:\/\/eurocarslanucia.com\/es\/ad\/peugeot-207-cc-cabrio-automaat\/\">Peugeot 207 CC Cabri...<\/a><\/h3>\n\t\t\t\t\t\t\t<!-- Location -->\n\t\t\t\t\t\t\t\n\t\t\t\t\t\t\t <span class=\"ad-price\">7,800\u20ac<span class=\"\"> (Precio cerrado)<\/span><\/span> \n\t\t\t\t\t\t <\/div>\n\t\t\t\t\t\t <!-- Ad Meta Stats -->\n\t\t\t\t\t\t <div class=\"ad-info-1\">\n\t\t\t\t\t\t\t<ul class=\"list-unstyled\"><li><i class=\"flaticon-gas-station-1\"><\/i>Gasolina<\/li><li><i class=\"flaticon-dashboard\"><\/i>71,500 km<\/li><li><i class=\"flaticon-engine-2\"><\/i>1,600 cc<\/li><\/ul>\n\t\t\t\t\t\t <\/div>\n\t\t\t\t\t  <\/div>\n\t\t\t\t   <\/div><div class=\"col-md-4  col-lg-4 col-sm-6 col-xs-12\" id=\".holder-8512\">\n\t\t\t\t\t  <div class=\"white category-grid-box-1 \">\n\t\t\t\t\t\t <!-- Image Box -->\n\t\t\t\t\t\t \n\t\t\t\t\t\t <div class=\"image\">\n\t\t\t\t\t \n\t\t\t\t\t<a href=\"https:\/\/eurocarslanucia.com\/es\/ad\/opel-astra-automaat\/\"><img decoding=\"async\" src=\"https:\/\/eurocarslanucia.com\/wp-content\/uploads\/2022\/11\/20221129_124931-360x270.jpg\" alt=\"Opel Astra Automatico !\" class=\"img-responsive\"\/><\/a> \n\t\t\t\t\t<\/div>\n\t\t\t\t\t\t <!-- Short Description -->\n\t\t\t\t\t\t <div class=\"short-description-1 \">\n\t\t\t\t\t\t\t<!-- Category Title -->\n\t\t\t\t\t\t\t<div class=\"category-title\"> <span class=\"padding_cats\"><a href=\"https:\/\/eurocarslanucia.com\/es\/ad_category\/opel-es\/\">Opel<\/a><\/span> <\/div>\n\t\t\t\t\t\t\t<!-- Ad Title -->\n\t\t\t\t\t\t\t<h3><a href=\"https:\/\/eurocarslanucia.com\/es\/ad\/opel-astra-automaat\/\">Opel Astra Automatico !<\/a><\/h3>\n\t\t\t\t\t\t\t<!-- Location -->\n\t\t\t\t\t\t\t\n\t\t\t\t\t\t\t <span class=\"ad-price\">16,900\u20ac<span class=\"\"> (Precio cerrado)<\/span><\/span> \n\t\t\t\t\t\t <\/div>\n\t\t\t\t\t\t <!-- Ad Meta Stats -->\n\t\t\t\t\t\t <div class=\"ad-info-1\">\n\t\t\t\t\t\t\t<ul class=\"list-unstyled\"><li><i class=\"flaticon-gas-station-1\"><\/i>Gasolina<\/li><li><i class=\"flaticon-dashboard\"><\/i>21,000 km<\/li><li><i class=\"flaticon-engine-2\"><\/i>1,400 cc<\/li><\/ul>\n\t\t\t\t\t\t <\/div>\n\t\t\t\t\t  <\/div>\n\t\t\t\t   <\/div><div class=\"col-md-4  col-lg-4 col-sm-6 col-xs-12\" id=\".holder-8532\">\n\t\t\t\t\t  <div class=\"white category-grid-box-1 \">\n\t\t\t\t\t\t <!-- Image Box -->\n\t\t\t\t\t\t \n\t\t\t\t\t\t <div class=\"image\">\n\t\t\t\t\t \n\t\t\t\t\t<a href=\"https:\/\/eurocarslanucia.com\/es\/ad\/renault-captur-tce\/\"><img decoding=\"async\" src=\"https:\/\/eurocarslanucia.com\/wp-content\/uploads\/2022\/11\/20221129_124829-360x270.jpg\" alt=\"(Vendido)Renault Captur Tce  !\" class=\"img-responsive\"\/><\/a> \n\t\t\t\t\t<\/div>\n\t\t\t\t\t\t <!-- Short Description -->\n\t\t\t\t\t\t <div class=\"short-description-1 \">\n\t\t\t\t\t\t\t<!-- Category Title -->\n\t\t\t\t\t\t\t<div class=\"category-title\"> <span class=\"padding_cats\"><a href=\"https:\/\/eurocarslanucia.com\/es\/ad_category\/renault-es\/\">Renault<\/a><\/span> <\/div>\n\t\t\t\t\t\t\t<!-- Ad Title -->\n\t\t\t\t\t\t\t<h3><a href=\"https:\/\/eurocarslanucia.com\/es\/ad\/renault-captur-tce\/\">(Vendido)Renault Cap...<\/a><\/h3>\n\t\t\t\t\t\t\t<!-- Location -->\n\t\t\t\t\t\t\t\n\t\t\t\t\t\t\t <span class=\"ad-price\">0\u20ac<span class=\"\"> (Precio cerrado)<\/span><\/span> \n\t\t\t\t\t\t <\/div>\n\t\t\t\t\t\t <!-- Ad Meta Stats -->\n\t\t\t\t\t\t <div class=\"ad-info-1\">\n\t\t\t\t\t\t\t<ul class=\"list-unstyled\"><li><i class=\"flaticon-gas-station-1\"><\/i>Gasolina<\/li><li><i class=\"flaticon-dashboard\"><\/i>42,200 km<\/li><li><i class=\"flaticon-engine-2\"><\/i>1,400 cc<\/li><\/ul>\n\t\t\t\t\t\t <\/div>\n\t\t\t\t\t  <\/div>\n\t\t\t\t   <\/div><div class=\"col-md-4  col-lg-4 col-sm-6 col-xs-12\" id=\".holder-8555\">\n\t\t\t\t\t  <div class=\"white category-grid-box-1 \">\n\t\t\t\t\t\t <!-- Image Box -->\n\t\t\t\t\t\t \n\t\t\t\t\t\t <div class=\"image\">\n\t\t\t\t\t \n\t\t\t\t\t<a href=\"https:\/\/eurocarslanucia.com\/es\/ad\/ford-grand-c-max-7-plaatsen\/\"><img decoding=\"async\" src=\"https:\/\/eurocarslanucia.com\/wp-content\/uploads\/2022\/11\/20221129_125402-360x270.jpg\" alt=\"Ford Grand C.Max . 7 Plazas !\" class=\"img-responsive\"\/><\/a> \n\t\t\t\t\t<\/div>\n\t\t\t\t\t\t <!-- Short Description -->\n\t\t\t\t\t\t <div class=\"short-description-1 \">\n\t\t\t\t\t\t\t<!-- Category Title -->\n\t\t\t\t\t\t\t<div class=\"category-title\"> <span class=\"padding_cats\"><a href=\"https:\/\/eurocarslanucia.com\/es\/ad_category\/ford-es\/\">Ford<\/a><\/span> <\/div>\n\t\t\t\t\t\t\t<!-- Ad Title -->\n\t\t\t\t\t\t\t<h3><a href=\"https:\/\/eurocarslanucia.com\/es\/ad\/ford-grand-c-max-7-plaatsen\/\">Ford Grand C.Max . 7...<\/a><\/h3>\n\t\t\t\t\t\t\t<!-- Location -->\n\t\t\t\t\t\t\t\n\t\t\t\t\t\t\t <span class=\"ad-price\">11,800\u20ac<span class=\"\"> (Precio cerrado)<\/span><\/span> \n\t\t\t\t\t\t <\/div>\n\t\t\t\t\t\t <!-- Ad Meta Stats -->\n\t\t\t\t\t\t <div class=\"ad-info-1\">\n\t\t\t\t\t\t\t<ul class=\"list-unstyled\"><li><i class=\"flaticon-gas-station-1\"><\/i>Gasolina<\/li><li><i class=\"flaticon-dashboard\"><\/i>59,000 km<\/li><li><i class=\"flaticon-engine-2\"><\/i>1,600 cc<\/li><\/ul>\n\t\t\t\t\t\t <\/div>\n\t\t\t\t\t  <\/div>\n\t\t\t\t   <\/div><div class=\"col-md-4  col-lg-4 col-sm-6 col-xs-12\" id=\".holder-8597\">\n\t\t\t\t\t  <div class=\"white category-grid-box-1 \">\n\t\t\t\t\t\t <!-- Image Box -->\n\t\t\t\t\t\t \n\t\t\t\t\t\t <div class=\"image\">\n\t\t\t\t\t \n\t\t\t\t\t<a href=\"https:\/\/eurocarslanucia.com\/es\/ad\/fiat-500-s-cabrio-automaat\/\"><img decoding=\"async\" src=\"https:\/\/eurocarslanucia.com\/wp-content\/uploads\/2022\/11\/IMG-20221129-WA0006-360x270.jpg\" alt=\"Fiat 500 S Cabrio Automatico !\" class=\"img-responsive\"\/><\/a> \n\t\t\t\t\t<\/div>\n\t\t\t\t\t\t <!-- Short Description -->\n\t\t\t\t\t\t <div class=\"short-description-1 \">\n\t\t\t\t\t\t\t<!-- Category Title -->\n\t\t\t\t\t\t\t<div class=\"category-title\">  <\/div>\n\t\t\t\t\t\t\t<!-- Ad Title -->\n\t\t\t\t\t\t\t<h3><a href=\"https:\/\/eurocarslanucia.com\/es\/ad\/fiat-500-s-cabrio-automaat\/\">Fiat 500 S Cabrio Au...<\/a><\/h3>\n\t\t\t\t\t\t\t<!-- Location -->\n\t\t\t\t\t\t\t\n\t\t\t\t\t\t\t <span class=\"ad-price\">16,900\u20ac<span class=\"\"> (Precio cerrado)<\/span><\/span> \n\t\t\t\t\t\t <\/div>\n\t\t\t\t\t\t <!-- Ad Meta Stats -->\n\t\t\t\t\t\t <div class=\"ad-info-1\">\n\t\t\t\t\t\t\t<ul class=\"list-unstyled\"><li><i class=\"flaticon-gas-station-1\"><\/i>Gasolina<\/li><li><i class=\"flaticon-dashboard\"><\/i>23,500 km<\/li><li><i class=\"flaticon-engine-2\"><\/i>1,300 cc<\/li><\/ul>\n\t\t\t\t\t\t <\/div>\n\t\t\t\t\t  <\/div>\n\t\t\t\t   <\/div><div class=\"col-md-4  col-lg-4 col-sm-6 col-xs-12\" id=\".holder-8626\">\n\t\t\t\t\t  <div class=\"white category-grid-box-1 \">\n\t\t\t\t\t\t <!-- Image Box -->\n\t\t\t\t\t\t \n\t\t\t\t\t\t <div class=\"image\">\n\t\t\t\t\t \n\t\t\t\t\t<a href=\"https:\/\/eurocarslanucia.com\/es\/ad\/youngtimer-rover-mini-cabrio\/\"><img decoding=\"async\" src=\"https:\/\/eurocarslanucia.com\/wp-content\/uploads\/2022\/12\/IMG-20221129-WA0012-360x270.jpg\" alt=\"Youngtimer Rover Mini Cabrio !\" class=\"img-responsive\"\/><\/a> \n\t\t\t\t\t<\/div>\n\t\t\t\t\t\t <!-- Short Description -->\n\t\t\t\t\t\t <div class=\"short-description-1 \">\n\t\t\t\t\t\t\t<!-- Category Title -->\n\t\t\t\t\t\t\t<div class=\"category-title\">  <\/div>\n\t\t\t\t\t\t\t<!-- Ad Title -->\n\t\t\t\t\t\t\t<h3><a href=\"https:\/\/eurocarslanucia.com\/es\/ad\/youngtimer-rover-mini-cabrio\/\">Youngtimer Rover Min...<\/a><\/h3>\n\t\t\t\t\t\t\t<!-- Location -->\n\t\t\t\t\t\t\t\n\t\t\t\t\t\t\t <span class=\"ad-price\">24,900\u20ac<span class=\"\"> (Precio cerrado)<\/span><\/span> \n\t\t\t\t\t\t <\/div>\n\t\t\t\t\t\t <!-- Ad Meta Stats -->\n\t\t\t\t\t\t <div class=\"ad-info-1\">\n\t\t\t\t\t\t\t<ul class=\"list-unstyled\"><li><i class=\"flaticon-gas-station-1\"><\/i>Gasolina<\/li><li><i class=\"flaticon-dashboard\"><\/i>59,200 km<\/li><li><i class=\"flaticon-engine-2\"><\/i>1,300 cc<\/li><\/ul>\n\t\t\t\t\t\t <\/div>\n\t\t\t\t\t  <\/div>\n\t\t\t\t   <\/div><div class=\"col-md-4  col-lg-4 col-sm-6 col-xs-12\" id=\".holder-8644\">\n\t\t\t\t\t  <div class=\"white category-grid-box-1 \">\n\t\t\t\t\t\t <!-- Image Box -->\n\t\t\t\t\t\t \n\t\t\t\t\t\t <div class=\"image\">\n\t\t\t\t\t \n\t\t\t\t\t<a href=\"https:\/\/eurocarslanucia.com\/es\/ad\/opel-crossland-x-automaat-2\/\"><img decoding=\"async\" src=\"https:\/\/eurocarslanucia.com\/wp-content\/uploads\/2022\/12\/IMG-20221202-WA0001-360x270.jpg\" alt=\"Opel Crossland X Automatico !\" class=\"img-responsive\"\/><\/a> \n\t\t\t\t\t<\/div>\n\t\t\t\t\t\t <!-- Short Description -->\n\t\t\t\t\t\t <div class=\"short-description-1 \">\n\t\t\t\t\t\t\t<!-- Category Title -->\n\t\t\t\t\t\t\t<div class=\"category-title\"> <span class=\"padding_cats\"><a href=\"https:\/\/eurocarslanucia.com\/es\/ad_category\/opel-es\/\">Opel<\/a><\/span> <\/div>\n\t\t\t\t\t\t\t<!-- Ad Title -->\n\t\t\t\t\t\t\t<h3><a href=\"https:\/\/eurocarslanucia.com\/es\/ad\/opel-crossland-x-automaat-2\/\">Opel Crossland X Aut...<\/a><\/h3>\n\t\t\t\t\t\t\t<!-- Location -->\n\t\t\t\t\t\t\t\n\t\t\t\t\t\t\t <span class=\"ad-price\">19,900\u20ac<span class=\"\"> (Precio cerrado)<\/span><\/span> \n\t\t\t\t\t\t <\/div>\n\t\t\t\t\t\t <!-- Ad Meta Stats -->\n\t\t\t\t\t\t <div class=\"ad-info-1\">\n\t\t\t\t\t\t\t<ul class=\"list-unstyled\"><li><i class=\"flaticon-gas-station-1\"><\/i>Gasolina<\/li><li><i class=\"flaticon-dashboard\"><\/i>57,400 km<\/li><li><i class=\"flaticon-engine-2\"><\/i>1,200 cc<\/li><\/ul>\n\t\t\t\t\t\t <\/div>\n\t\t\t\t\t  <\/div>\n\t\t\t\t   <\/div><div class=\"col-md-4  col-lg-4 col-sm-6 col-xs-12\" id=\".holder-8690\">\n\t\t\t\t\t  <div class=\"white category-grid-box-1 \">\n\t\t\t\t\t\t <!-- Image Box -->\n\t\t\t\t\t\t \n\t\t\t\t\t\t <div class=\"image\">\n\t\t\t\t\t \n\t\t\t\t\t<a href=\"https:\/\/eurocarslanucia.com\/es\/ad\/skoda-fabia-tsi-automaat\/\"><img decoding=\"async\" src=\"https:\/\/eurocarslanucia.com\/wp-content\/uploads\/2022\/12\/IMG-20221205-WA0007-360x270.jpg\" alt=\"Skoda Fabia TSI Automatico !\" class=\"img-responsive\"\/><\/a> \n\t\t\t\t\t<\/div>\n\t\t\t\t\t\t <!-- Short Description -->\n\t\t\t\t\t\t <div class=\"short-description-1 \">\n\t\t\t\t\t\t\t<!-- Category Title -->\n\t\t\t\t\t\t\t<div class=\"category-title\"> <span class=\"padding_cats\"><a href=\"https:\/\/eurocarslanucia.com\/es\/ad_category\/skoda-es\/\">Skoda<\/a><\/span> <\/div>\n\t\t\t\t\t\t\t<!-- Ad Title -->\n\t\t\t\t\t\t\t<h3><a href=\"https:\/\/eurocarslanucia.com\/es\/ad\/skoda-fabia-tsi-automaat\/\">Skoda Fabia TSI Auto...<\/a><\/h3>\n\t\t\t\t\t\t\t<!-- Location -->\n\t\t\t\t\t\t\t\n\t\t\t\t\t\t\t <span class=\"ad-price\">18,900\u20ac<span class=\"\"> (Precio cerrado)<\/span><\/span> \n\t\t\t\t\t\t <\/div>\n\t\t\t\t\t\t <!-- Ad Meta Stats -->\n\t\t\t\t\t\t <div class=\"ad-info-1\">\n\t\t\t\t\t\t\t<ul class=\"list-unstyled\"><li><i class=\"flaticon-gas-station-1\"><\/i>Gasolina<\/li><li><i class=\"flaticon-dashboard\"><\/i>28,300 km<\/li><li><i class=\"flaticon-engine-2\"><\/i>1,000 cc<\/li><\/ul>\n\t\t\t\t\t\t <\/div>\n\t\t\t\t\t  <\/div>\n\t\t\t\t   <\/div><div class=\"col-md-4  col-lg-4 col-sm-6 col-xs-12\" id=\".holder-8716\">\n\t\t\t\t\t  <div class=\"white category-grid-box-1 \">\n\t\t\t\t\t\t <!-- Image Box -->\n\t\t\t\t\t\t \n\t\t\t\t\t\t <div class=\"image\">\n\t\t\t\t\t \n\t\t\t\t\t<a href=\"https:\/\/eurocarslanucia.com\/es\/ad\/opel-crossland-x-automaat-3\/\"><img decoding=\"async\" src=\"https:\/\/eurocarslanucia.com\/wp-content\/uploads\/2022\/12\/20221209_103747-360x270.jpg\" alt=\"Opel Crossland X Automatico !\" class=\"img-responsive\"\/><\/a> \n\t\t\t\t\t<\/div>\n\t\t\t\t\t\t <!-- Short Description -->\n\t\t\t\t\t\t <div class=\"short-description-1 \">\n\t\t\t\t\t\t\t<!-- Category Title -->\n\t\t\t\t\t\t\t<div class=\"category-title\"> <span class=\"padding_cats\"><a href=\"https:\/\/eurocarslanucia.com\/es\/ad_category\/opel-es\/\">Opel<\/a><\/span> <\/div>\n\t\t\t\t\t\t\t<!-- Ad Title -->\n\t\t\t\t\t\t\t<h3><a href=\"https:\/\/eurocarslanucia.com\/es\/ad\/opel-crossland-x-automaat-3\/\">Opel Crossland X Aut...<\/a><\/h3>\n\t\t\t\t\t\t\t<!-- Location -->\n\t\t\t\t\t\t\t\n\t\t\t\t\t\t\t <span class=\"ad-price\">19,900\u20ac<span class=\"\"> (Precio cerrado)<\/span><\/span> \n\t\t\t\t\t\t <\/div>\n\t\t\t\t\t\t <!-- Ad Meta Stats -->\n\t\t\t\t\t\t <div class=\"ad-info-1\">\n\t\t\t\t\t\t\t<ul class=\"list-unstyled\"><li><i class=\"flaticon-gas-station-1\"><\/i>Gasolina<\/li><li><i class=\"flaticon-dashboard\"><\/i>29,000 km<\/li><li><i class=\"flaticon-engine-2\"><\/i>1,200 cc<\/li><\/ul>\n\t\t\t\t\t\t <\/div>\n\t\t\t\t\t  <\/div>\n\t\t\t\t   <\/div><div class=\"col-md-4  col-lg-4 col-sm-6 col-xs-12\" id=\".holder-8757\">\n\t\t\t\t\t  <div class=\"white category-grid-box-1 \">\n\t\t\t\t\t\t <!-- Image Box -->\n\t\t\t\t\t\t \n\t\t\t\t\t\t <div class=\"image\">\n\t\t\t\t\t \n\t\t\t\t\t<a href=\"https:\/\/eurocarslanucia.com\/es\/ad\/citroen-c3-aircross-automaat\/\"><img decoding=\"async\" src=\"https:\/\/eurocarslanucia.com\/wp-content\/uploads\/2022\/12\/IMG-20221216-WA0023-360x270.jpg\" alt=\"Citroen C3 Aircross Automatico !\" class=\"img-responsive\"\/><\/a> \n\t\t\t\t\t<\/div>\n\t\t\t\t\t\t <!-- Short Description -->\n\t\t\t\t\t\t <div class=\"short-description-1 \">\n\t\t\t\t\t\t\t<!-- Category Title -->\n\t\t\t\t\t\t\t<div class=\"category-title\">  <\/div>\n\t\t\t\t\t\t\t<!-- Ad Title -->\n\t\t\t\t\t\t\t<h3><a href=\"https:\/\/eurocarslanucia.com\/es\/ad\/citroen-c3-aircross-automaat\/\">Citroen C3 Aircross ...<\/a><\/h3>\n\t\t\t\t\t\t\t<!-- Location -->\n\t\t\t\t\t\t\t\n\t\t\t\t\t\t\t <span class=\"ad-price\">21,800\u20ac<span class=\"\"> (Precio cerrado)<\/span><\/span> \n\t\t\t\t\t\t <\/div>\n\t\t\t\t\t\t <!-- Ad Meta Stats -->\n\t\t\t\t\t\t <div class=\"ad-info-1\">\n\t\t\t\t\t\t\t<ul class=\"list-unstyled\"><li><i class=\"flaticon-gas-station-1\"><\/i>Gasolina<\/li><li><i class=\"flaticon-dashboard\"><\/i>23,200 km<\/li><li><i class=\"flaticon-engine-2\"><\/i>1,200 cc<\/li><\/ul>\n\t\t\t\t\t\t <\/div>\n\t\t\t\t\t  <\/div>\n\t\t\t\t   <\/div><div class=\"col-md-4  col-lg-4 col-sm-6 col-xs-12\" id=\".holder-8786\">\n\t\t\t\t\t  <div class=\"white category-grid-box-1 \">\n\t\t\t\t\t\t <!-- Image Box -->\n\t\t\t\t\t\t \n\t\t\t\t\t\t <div class=\"image\">\n\t\t\t\t\t \n\t\t\t\t\t<a href=\"https:\/\/eurocarslanucia.com\/es\/ad\/mercedes-glk-220-cdi\/\"><img decoding=\"async\" src=\"https:\/\/eurocarslanucia.com\/wp-content\/uploads\/2022\/12\/IMG-20221216-WA0010-360x270.jpg\" alt=\"Mercedes GLK 220 CDI !\" class=\"img-responsive\"\/><\/a> \n\t\t\t\t\t<\/div>\n\t\t\t\t\t\t <!-- Short Description -->\n\t\t\t\t\t\t <div class=\"short-description-1 \">\n\t\t\t\t\t\t\t<!-- Category Title -->\n\t\t\t\t\t\t\t<div class=\"category-title\"> <span class=\"padding_cats\"><a href=\"https:\/\/eurocarslanucia.com\/es\/ad_category\/mercedes-es\/\">Mercedes<\/a><\/span> <\/div>\n\t\t\t\t\t\t\t<!-- Ad Title -->\n\t\t\t\t\t\t\t<h3><a href=\"https:\/\/eurocarslanucia.com\/es\/ad\/mercedes-glk-220-cdi\/\">Mercedes GLK 220 CDI !<\/a><\/h3>\n\t\t\t\t\t\t\t<!-- Location -->\n\t\t\t\t\t\t\t\n\t\t\t\t\t\t\t <span class=\"ad-price\">16,900\u20ac<span class=\"\"> (Precio cerrado)<\/span><\/span> \n\t\t\t\t\t\t <\/div>\n\t\t\t\t\t\t <!-- Ad Meta Stats -->\n\t\t\t\t\t\t <div class=\"ad-info-1\">\n\t\t\t\t\t\t\t<ul class=\"list-unstyled\"><li><i class=\"flaticon-gas-station-1\"><\/i>Diesel<\/li><li><i class=\"flaticon-dashboard\"><\/i>89,200 km<\/li><li><i class=\"flaticon-engine-2\"><\/i>2,200 cc<\/li><\/ul>\n\t\t\t\t\t\t <\/div>\n\t\t\t\t\t  <\/div>\n\t\t\t\t   <\/div><div class=\"col-md-4  col-lg-4 col-sm-6 col-xs-12\" id=\".holder-9172\">\n\t\t\t\t\t  <div class=\"white category-grid-box-1 \">\n\t\t\t\t\t\t <!-- Image Box -->\n\t\t\t\t\t\t \n\t\t\t\t\t\t <div class=\"image\">\n\t\t\t\t\t \n\t\t\t\t\t<a href=\"https:\/\/eurocarslanucia.com\/es\/ad\/seat-arona-fr-dsg-autom-2022\/\"><img decoding=\"async\" src=\"https:\/\/eurocarslanucia.com\/wp-content\/uploads\/2023\/11\/IMG_2126-360x270.jpeg\" alt=\"SEAT ARONA FR DSG AUTOM 2022\" class=\"img-responsive\"\/><\/a> \n\t\t\t\t\t<\/div>\n\t\t\t\t\t\t <!-- Short Description -->\n\t\t\t\t\t\t <div class=\"short-description-1 \">\n\t\t\t\t\t\t\t<!-- Category Title -->\n\t\t\t\t\t\t\t<div class=\"category-title\">  <\/div>\n\t\t\t\t\t\t\t<!-- Ad Title -->\n\t\t\t\t\t\t\t<h3><a href=\"https:\/\/eurocarslanucia.com\/es\/ad\/seat-arona-fr-dsg-autom-2022\/\">SEAT ARONA FR DSG AU...<\/a><\/h3>\n\t\t\t\t\t\t\t<!-- Location -->\n\t\t\t\t\t\t\t\n\t\t\t\t\t\t\t <span class=\"ad-price\">25,700\u20ac<span class=\"\"> (Precio cerrado)<\/span><\/span> \n\t\t\t\t\t\t <\/div>\n\t\t\t\t\t\t <!-- Ad Meta Stats -->\n\t\t\t\t\t\t <div class=\"ad-info-1\">\n\t\t\t\t\t\t\t<ul class=\"list-unstyled\"><li><i class=\"flaticon-gas-station-1\"><\/i>Benzine<\/li><li><i class=\"flaticon-dashboard\"><\/i>22,000 km<\/li><li><i class=\"flaticon-engine-2\"><\/i>1,000 cc<\/li><\/ul>\n\t\t\t\t\t\t <\/div>\n\t\t\t\t\t  <\/div>\n\t\t\t\t   <\/div><div class=\"col-md-4  col-lg-4 col-sm-6 col-xs-12\" id=\".holder-8874\">\n\t\t\t\t\t  <div class=\"white category-grid-box-1 \">\n\t\t\t\t\t\t <!-- Image Box -->\n\t\t\t\t\t\t \n\t\t\t\t\t\t <div class=\"image\">\n\t\t\t \n\t\t\t\t\t<a href=\"https:\/\/eurocarslanucia.com\/es\/ad\/mini-cooper-d-automaat\/\">\n\t\t\t\t\t\t<img decoding=\"async\" src=\"https:\/\/eurocarslanucia.com\/wp-content\/uploads\/2018\/04\/no-image.png\" alt=\"MINI COOPER D AUTOMAAT\" class=\"img-responsive\"\/>\n\t\t\t\t\t<\/a>\n\t\t\t\t\t<\/div>\n\t\t\t\t\t\t <!-- Short Description -->\n\t\t\t\t\t\t <div class=\"short-description-1 \">\n\t\t\t\t\t\t\t<!-- Category Title -->\n\t\t\t\t\t\t\t<div class=\"category-title\">  <\/div>\n\t\t\t\t\t\t\t<!-- Ad Title -->\n\t\t\t\t\t\t\t<h3><a href=\"https:\/\/eurocarslanucia.com\/es\/ad\/mini-cooper-d-automaat\/\">MINI COOPER D AUTOMAAT<\/a><\/h3>\n\t\t\t\t\t\t\t<!-- Location -->\n\t\t\t\t\t\t\t\n\t\t\t\t\t\t\t <span class=\"ad-price\">18,900\u20ac<span class=\"\"> (Precio cerrado)<\/span><\/span> \n\t\t\t\t\t\t <\/div>\n\t\t\t\t\t\t <!-- Ad Meta Stats -->\n\t\t\t\t\t\t <div class=\"ad-info-1\">\n\t\t\t\t\t\t\t<ul class=\"list-unstyled\"><li><i class=\"flaticon-gas-station-1\"><\/i>Benzine<\/li><li><i class=\"flaticon-dashboard\"><\/i>36,400 km<\/li><li><i class=\"flaticon-engine-2\"><\/i>1,500 cc<\/li><\/ul>\n\t\t\t\t\t\t <\/div>\n\t\t\t\t\t  <\/div>\n\t\t\t\t   <\/div><div class=\"col-md-4  col-lg-4 col-sm-6 col-xs-12\" id=\".holder-8877\">\n\t\t\t\t\t  <div class=\"white category-grid-box-1 \">\n\t\t\t\t\t\t <!-- Image Box -->\n\t\t\t\t\t\t \n\t\t\t\t\t\t <div class=\"image\">\n\t\t\t\t\t \n\t\t\t\t\t<a href=\"https:\/\/eurocarslanucia.com\/es\/ad\/volkswagen-t-roc-cabrio-autom\/\"><img decoding=\"async\" src=\"https:\/\/eurocarslanucia.com\/wp-content\/uploads\/2023\/02\/BCBB2DF1-5314-40C8-B63A-5E1D4EA05447-360x270.jpeg\" alt=\"VOLKSWAGEN T-ROC CABRIO AUTOM (verkocht)\" class=\"img-responsive\"\/><\/a> \n\t\t\t\t\t<\/div>\n\t\t\t\t\t\t <!-- Short Description -->\n\t\t\t\t\t\t <div class=\"short-description-1 \">\n\t\t\t\t\t\t\t<!-- Category Title -->\n\t\t\t\t\t\t\t<div class=\"category-title\">  <\/div>\n\t\t\t\t\t\t\t<!-- Ad Title -->\n\t\t\t\t\t\t\t<h3><a href=\"https:\/\/eurocarslanucia.com\/es\/ad\/volkswagen-t-roc-cabrio-autom\/\">VOLKSWAGEN T-ROC CAB...<\/a><\/h3>\n\t\t\t\t\t\t\t<!-- Location -->\n\t\t\t\t\t\t\t\n\t\t\t\t\t\t\t <span class=\"ad-price\"><\/span> \n\t\t\t\t\t\t <\/div>\n\t\t\t\t\t\t <!-- Ad Meta Stats -->\n\t\t\t\t\t\t <div class=\"ad-info-1\">\n\t\t\t\t\t\t\t<ul class=\"list-unstyled\"><li><i class=\"flaticon-gas-station-1\"><\/i>Benzine<\/li><li><i class=\"flaticon-dashboard\"><\/i>2,200 km<\/li><li><i class=\"flaticon-engine-2\"><\/i>1,500 cc<\/li><\/ul>\n\t\t\t\t\t\t <\/div>\n\t\t\t\t\t  <\/div>\n\t\t\t\t   <\/div><div class=\"col-md-4  col-lg-4 col-sm-6 col-xs-12\" id=\".holder-8889\">\n\t\t\t\t\t  <div class=\"white category-grid-box-1 \">\n\t\t\t\t\t\t <!-- Image Box -->\n\t\t\t\t\t\t \n\t\t\t\t\t\t <div class=\"image\">\n\t\t\t\t\t \n\t\t\t\t\t<a href=\"https:\/\/eurocarslanucia.com\/es\/ad\/bmw-220i-cabrio-autom\/\"><img decoding=\"async\" src=\"https:\/\/eurocarslanucia.com\/wp-content\/uploads\/2023\/02\/31F6D87C-AD57-4349-BD26-83783CE8AA38-360x270.jpeg\" alt=\"BMW 220I CABRIO AUTOM (VERKOCHT)\" class=\"img-responsive\"\/><\/a> \n\t\t\t\t\t<\/div>\n\t\t\t\t\t\t <!-- Short Description -->\n\t\t\t\t\t\t <div class=\"short-description-1 \">\n\t\t\t\t\t\t\t<!-- Category Title -->\n\t\t\t\t\t\t\t<div class=\"category-title\"> <span class=\"padding_cats\"><a href=\"https:\/\/eurocarslanucia.com\/es\/ad_category\/2-series-es\/\">2 Series<\/a><\/span><span class=\"padding_cats\"><a href=\"https:\/\/eurocarslanucia.com\/es\/ad_category\/bmw-es\/\">BMW<\/a><\/span> <\/div>\n\t\t\t\t\t\t\t<!-- Ad Title -->\n\t\t\t\t\t\t\t<h3><a href=\"https:\/\/eurocarslanucia.com\/es\/ad\/bmw-220i-cabrio-autom\/\">BMW 220I CABRIO AUTO...<\/a><\/h3>\n\t\t\t\t\t\t\t<!-- Location -->\n\t\t\t\t\t\t\t\n\t\t\t\t\t\t\t <span class=\"ad-price\"><\/span> \n\t\t\t\t\t\t <\/div>\n\t\t\t\t\t\t <!-- Ad Meta Stats -->\n\t\t\t\t\t\t <div class=\"ad-info-1\">\n\t\t\t\t\t\t\t<ul class=\"list-unstyled\"><li><i class=\"flaticon-gas-station-1\"><\/i>Benzine<\/li><li><i class=\"flaticon-dashboard\"><\/i>44,300 km<\/li><li><i class=\"flaticon-engine-2\"><\/i>2,000 cc<\/li><\/ul>\n\t\t\t\t\t\t <\/div>\n\t\t\t\t\t  <\/div>\n\t\t\t\t   <\/div><div class=\"col-md-4  col-lg-4 col-sm-6 col-xs-12\" id=\".holder-8892\">\n\t\t\t\t\t  <div class=\"white category-grid-box-1 \">\n\t\t\t\t\t\t <!-- Image Box -->\n\t\t\t\t\t\t \n\t\t\t\t\t\t <div class=\"image\">\n\t\t\t\t\t \n\t\t\t\t\t<a href=\"https:\/\/eurocarslanucia.com\/es\/ad\/ford-ecosport-autom-titanium\/\"><img decoding=\"async\" src=\"https:\/\/eurocarslanucia.com\/wp-content\/uploads\/2023\/02\/17DAADEF-28CB-440F-AC34-9E4C6649DEB1-360x270.jpeg\" alt=\"FORD ECOSPORT AUTOM TITANIUM(VERKOCHT)\" class=\"img-responsive\"\/><\/a> \n\t\t\t\t\t<\/div>\n\t\t\t\t\t\t <!-- Short Description -->\n\t\t\t\t\t\t <div class=\"short-description-1 \">\n\t\t\t\t\t\t\t<!-- Category Title -->\n\t\t\t\t\t\t\t<div class=\"category-title\"> <span class=\"padding_cats\"><a href=\"https:\/\/eurocarslanucia.com\/es\/ad_category\/ford-es\/\">Ford<\/a><\/span> <\/div>\n\t\t\t\t\t\t\t<!-- Ad Title -->\n\t\t\t\t\t\t\t<h3><a href=\"https:\/\/eurocarslanucia.com\/es\/ad\/ford-ecosport-autom-titanium\/\">FORD ECOSPORT AUTOM ...<\/a><\/h3>\n\t\t\t\t\t\t\t<!-- Location -->\n\t\t\t\t\t\t\t\n\t\t\t\t\t\t\t <span class=\"ad-price\"><\/span> \n\t\t\t\t\t\t <\/div>\n\t\t\t\t\t\t <!-- Ad Meta Stats -->\n\t\t\t\t\t\t <div class=\"ad-info-1\">\n\t\t\t\t\t\t\t<ul class=\"list-unstyled\"><li><i class=\"flaticon-gas-station-1\"><\/i>Benzine<\/li><li><i class=\"flaticon-dashboard\"><\/i>17,200 km<\/li><li><i class=\"flaticon-engine-2\"><\/i>1,000 cc<\/li><\/ul>\n\t\t\t\t\t\t <\/div>\n\t\t\t\t\t  <\/div>\n\t\t\t\t   <\/div><div class=\"col-md-4  col-lg-4 col-sm-6 col-xs-12\" id=\".holder-8904\">\n\t\t\t\t\t  <div class=\"white category-grid-box-1 \">\n\t\t\t\t\t\t <!-- Image Box -->\n\t\t\t\t\t\t \n\t\t\t\t\t\t <div class=\"image\">\n\t\t\t\t\t \n\t\t\t\t\t<a href=\"https:\/\/eurocarslanucia.com\/es\/ad\/mitsubishi-spacestar-14000km\/\"><img decoding=\"async\" src=\"https:\/\/eurocarslanucia.com\/wp-content\/uploads\/2023\/02\/002A9DFB-8797-4DEB-AF2C-E8B7909DC725-360x270.jpeg\" alt=\"MITSUBISHI SPACESTAR  14000KM! (VERKOCHT)\" class=\"img-responsive\"\/><\/a> \n\t\t\t\t\t<\/div>\n\t\t\t\t\t\t <!-- Short Description -->\n\t\t\t\t\t\t <div class=\"short-description-1 \">\n\t\t\t\t\t\t\t<!-- Category Title -->\n\t\t\t\t\t\t\t<div class=\"category-title\"> <span class=\"padding_cats\"><a href=\"https:\/\/eurocarslanucia.com\/es\/ad_category\/mitsubishi-es\/\">Mitsubishi<\/a><\/span> <\/div>\n\t\t\t\t\t\t\t<!-- Ad Title -->\n\t\t\t\t\t\t\t<h3><a href=\"https:\/\/eurocarslanucia.com\/es\/ad\/mitsubishi-spacestar-14000km\/\">MITSUBISHI SPACESTAR...<\/a><\/h3>\n\t\t\t\t\t\t\t<!-- Location -->\n\t\t\t\t\t\t\t\n\t\t\t\t\t\t\t <span class=\"ad-price\"><\/span> \n\t\t\t\t\t\t <\/div>\n\t\t\t\t\t\t <!-- Ad Meta Stats -->\n\t\t\t\t\t\t <div class=\"ad-info-1\">\n\t\t\t\t\t\t\t<ul class=\"list-unstyled\"><li><i class=\"flaticon-gas-station-1\"><\/i>Benzine<\/li><li><i class=\"flaticon-dashboard\"><\/i>14,200 km<\/li><li><i class=\"flaticon-engine-2\"><\/i>1,200 cc<\/li><\/ul>\n\t\t\t\t\t\t <\/div>\n\t\t\t\t\t  <\/div>\n\t\t\t\t   <\/div><div class=\"col-md-4  col-lg-4 col-sm-6 col-xs-12\" id=\".holder-8930\">\n\t\t\t\t\t  <div class=\"white category-grid-box-1 \">\n\t\t\t\t\t\t <!-- Image Box -->\n\t\t\t\t\t\t \n\t\t\t\t\t\t <div class=\"image\">\n\t\t\t \n\t\t\t\t\t<a href=\"https:\/\/eurocarslanucia.com\/es\/ad\/skoda-kamiq-tsi-autom\/\">\n\t\t\t\t\t\t<img decoding=\"async\" src=\"https:\/\/eurocarslanucia.com\/wp-content\/uploads\/2018\/04\/no-image.png\" alt=\"SKODA KAMIQ TSI AUTOM\" class=\"img-responsive\"\/>\n\t\t\t\t\t<\/a>\n\t\t\t\t\t<\/div>\n\t\t\t\t\t\t <!-- Short Description -->\n\t\t\t\t\t\t <div class=\"short-description-1 \">\n\t\t\t\t\t\t\t<!-- Category Title -->\n\t\t\t\t\t\t\t<div class=\"category-title\"> <span class=\"padding_cats\"><a href=\"https:\/\/eurocarslanucia.com\/es\/ad_category\/skoda-es\/\">Skoda<\/a><\/span> <\/div>\n\t\t\t\t\t\t\t<!-- Ad Title -->\n\t\t\t\t\t\t\t<h3><a href=\"https:\/\/eurocarslanucia.com\/es\/ad\/skoda-kamiq-tsi-autom\/\">SKODA KAMIQ TSI AUTOM<\/a><\/h3>\n\t\t\t\t\t\t\t<!-- Location -->\n\t\t\t\t\t\t\t\n\t\t\t\t\t\t\t <span class=\"ad-price\">23,900\u20ac<span class=\"\"> (Precio cerrado)<\/span><\/span> \n\t\t\t\t\t\t <\/div>\n\t\t\t\t\t\t <!-- Ad Meta Stats -->\n\t\t\t\t\t\t <div class=\"ad-info-1\">\n\t\t\t\t\t\t\t<ul class=\"list-unstyled\"><li><i class=\"flaticon-gas-station-1\"><\/i>Benzine<\/li><li><i class=\"flaticon-dashboard\"><\/i>39,400 km<\/li><li><i class=\"flaticon-engine-2\"><\/i>1,000 cc<\/li><\/ul>\n\t\t\t\t\t\t <\/div>\n\t\t\t\t\t  <\/div>\n\t\t\t\t   <\/div><div class=\"col-md-4  col-lg-4 col-sm-6 col-xs-12\" id=\".holder-8934\">\n\t\t\t\t\t  <div class=\"white category-grid-box-1 \">\n\t\t\t\t\t\t <!-- Image Box -->\n\t\t\t\t\t\t \n\t\t\t\t\t\t <div class=\"image\">\n\t\t\t\t\t \n\t\t\t\t\t<a href=\"https:\/\/eurocarslanucia.com\/es\/ad\/renault-captur-autom\/\"><img decoding=\"async\" src=\"https:\/\/eurocarslanucia.com\/wp-content\/uploads\/2023\/03\/IMG_6965-360x270.jpg\" alt=\"RENAULT CAPTUR AUTOM (SOLD)\" class=\"img-responsive\"\/><\/a> \n\t\t\t\t\t<\/div>\n\t\t\t\t\t\t <!-- Short Description -->\n\t\t\t\t\t\t <div class=\"short-description-1 \">\n\t\t\t\t\t\t\t<!-- Category Title -->\n\t\t\t\t\t\t\t<div class=\"category-title\"> <span class=\"padding_cats\"><a href=\"https:\/\/eurocarslanucia.com\/es\/ad_category\/renault-es\/\">Renault<\/a><\/span> <\/div>\n\t\t\t\t\t\t\t<!-- Ad Title -->\n\t\t\t\t\t\t\t<h3><a href=\"https:\/\/eurocarslanucia.com\/es\/ad\/renault-captur-autom\/\">RENAULT CAPTUR AUTOM...<\/a><\/h3>\n\t\t\t\t\t\t\t<!-- Location -->\n\t\t\t\t\t\t\t\n\t\t\t\t\t\t\t <span class=\"ad-price\"><\/span> \n\t\t\t\t\t\t <\/div>\n\t\t\t\t\t\t <!-- Ad Meta Stats -->\n\t\t\t\t\t\t <div class=\"ad-info-1\">\n\t\t\t\t\t\t\t<ul class=\"list-unstyled\"><li><i class=\"flaticon-gas-station-1\"><\/i>Diesel<\/li><li><i class=\"flaticon-dashboard\"><\/i>37,600 km<\/li><li><i class=\"flaticon-engine-2\"><\/i>1,500 cc<\/li><\/ul>\n\t\t\t\t\t\t <\/div>\n\t\t\t\t\t  <\/div>\n\t\t\t\t   <\/div><\/div> <\/div>\n\t\t\t\t\t\t\t  <\/div>\n                    <div class=\"text-center\">\n                        <div class=\"load-more-btn\">\n                            \n                        <\/div>\n                    <\/div>\n\n                <\/div>\n            <\/div>\n        <\/section>\t\t<\/div>\n\t\t\t\t<\/div>\n\t\t\t\t\t<\/div>\n\t\t<\/div>\n\t\t\t\t\t\t\t<\/div>\n\t\t<\/section>\n\t\t\t\t\t\t\t<\/div>\n\t\t","protected":false},"excerpt":{"rendered":"<p>Veh\u00edculos en stock IbizaSeat Seat Ibiza FR 16.900\u20ac(Precio cerrado) Gasolina 36,300 km 1,000 cc Renault Renault Kadjar 19.200\u20ac(Precio cerrado) Gasolina 62,000 km 1,000 cc Peugeot Peugeot 2008 19.400\u20ac(Precio cerrado) Gasolina 51,000 km 1,200 cc Opel Opel Crossland 17.800\u20ac(Precio cerrado) Gasolina 43,800 km 1,200 cc ToyotaYaris Toyota Auris Hybrid 19.300\u20ac(Precio cerrado) H\u00edbrido 8,800 km 1,000 cc [&hellip;]<\/p>\n","protected":false},"author":1,"featured_media":0,"parent":0,"menu_order":0,"comment_status":"closed","ping_status":"closed","template":"","meta":{"footnotes":""},"class_list":["post-5369","page","type-page","status-publish","hentry"],"yoast_head":"<!-- This site is optimized with the Yoast SEO plugin v19.10 - https:\/\/yoast.com\/wordpress\/plugins\/seo\/ -->\n<title>Stock Venta de coches usados - Euro-Cars La Nucia<\/title>\n<meta name=\"description\" content=\"La especialidad de Euro-Cars La Nucia es la venta de coches usados, que tienen un m\u00e1ximo de 3 a\u00f1os, sobre los que damos 1 a\u00f1o de garant\u00eda.\" \/>\n<meta name=\"robots\" content=\"index, follow, max-snippet:-1, max-image-preview:large, max-video-preview:-1\" \/>\n<link rel=\"canonical\" href=\"https:\/\/eurocarslanucia.com\/es\/stock\/\" \/>\n<meta property=\"og:locale\" content=\"es_ES\" \/>\n<meta property=\"og:type\" content=\"article\" \/>\n<meta property=\"og:title\" content=\"Stock Venta de coches usados - Euro-Cars La Nucia\" \/>\n<meta property=\"og:description\" content=\"La especialidad de Euro-Cars La Nucia es la venta de coches usados, que tienen un m\u00e1ximo de 3 a\u00f1os, sobre los que damos 1 a\u00f1o de garant\u00eda.\" \/>\n<meta property=\"og:url\" content=\"https:\/\/eurocarslanucia.com\/es\/stock\/\" \/>\n<meta property=\"og:site_name\" content=\"Euro-Cars La Nucia\" \/>\n<meta property=\"article:modified_time\" content=\"2021-12-14T10:27:44+00:00\" \/>\n<meta property=\"og:image\" content=\"https:\/\/eurocarslanucia.com\/wp-content\/uploads\/2021\/12\/20211207_105521-360x270.jpg\" \/>\n<meta name=\"twitter:card\" content=\"summary_large_image\" \/>\n<meta name=\"twitter:label1\" content=\"Tiempo de lectura\" \/>\n\t<meta name=\"twitter:data1\" content=\"3 minutos\" \/>\n<script type=\"application\/ld+json\" class=\"yoast-schema-graph\">{\"@context\":\"https:\/\/schema.org\",\"@graph\":[{\"@type\":\"WebPage\",\"@id\":\"https:\/\/eurocarslanucia.com\/es\/stock\/\",\"url\":\"https:\/\/eurocarslanucia.com\/es\/stock\/\",\"name\":\"Stock Venta de coches usados - Euro-Cars La Nucia\",\"isPartOf\":{\"@id\":\"https:\/\/eurocarslanucia.com\/#website\"},\"datePublished\":\"2021-12-10T16:20:51+00:00\",\"dateModified\":\"2021-12-14T10:27:44+00:00\",\"description\":\"La especialidad de Euro-Cars La Nucia es la venta de coches usados, que tienen un m\u00e1ximo de 3 a\u00f1os, sobre los que damos 1 a\u00f1o de garant\u00eda.\",\"breadcrumb\":{\"@id\":\"https:\/\/eurocarslanucia.com\/es\/stock\/#breadcrumb\"},\"inLanguage\":\"es\",\"potentialAction\":[{\"@type\":\"ReadAction\",\"target\":[\"https:\/\/eurocarslanucia.com\/es\/stock\/\"]}]},{\"@type\":\"BreadcrumbList\",\"@id\":\"https:\/\/eurocarslanucia.com\/es\/stock\/#breadcrumb\",\"itemListElement\":[{\"@type\":\"ListItem\",\"position\":1,\"name\":\"Home\",\"item\":\"https:\/\/eurocarslanucia.com\/\"},{\"@type\":\"ListItem\",\"position\":2,\"name\":\"Stock\"}]},{\"@type\":\"WebSite\",\"@id\":\"https:\/\/eurocarslanucia.com\/#website\",\"url\":\"https:\/\/eurocarslanucia.com\/\",\"name\":\"Euro-Cars La Nucia\",\"description\":\"Aan- en verkoop van bijna nieuwe auto&#039;s\",\"potentialAction\":[{\"@type\":\"SearchAction\",\"target\":{\"@type\":\"EntryPoint\",\"urlTemplate\":\"https:\/\/eurocarslanucia.com\/?s={search_term_string}\"},\"query-input\":\"required name=search_term_string\"}],\"inLanguage\":\"es\"}]}<\/script>\n<!-- \/ Yoast SEO plugin. -->","yoast_head_json":{"title":"Stock Venta de coches usados - Euro-Cars La Nucia","description":"La especialidad de Euro-Cars La Nucia es la venta de coches usados, que tienen un m\u00e1ximo de 3 a\u00f1os, sobre los que damos 1 a\u00f1o de garant\u00eda.","robots":{"index":"index","follow":"follow","max-snippet":"max-snippet:-1","max-image-preview":"max-image-preview:large","max-video-preview":"max-video-preview:-1"},"canonical":"https:\/\/eurocarslanucia.com\/es\/stock\/","og_locale":"es_ES","og_type":"article","og_title":"Stock Venta de coches usados - Euro-Cars La Nucia","og_description":"La especialidad de Euro-Cars La Nucia es la venta de coches usados, que tienen un m\u00e1ximo de 3 a\u00f1os, sobre los que damos 1 a\u00f1o de garant\u00eda.","og_url":"https:\/\/eurocarslanucia.com\/es\/stock\/","og_site_name":"Euro-Cars La Nucia","article_modified_time":"2021-12-14T10:27:44+00:00","og_image":[{"url":"https:\/\/eurocarslanucia.com\/wp-content\/uploads\/2021\/12\/20211207_105521-360x270.jpg"}],"twitter_card":"summary_large_image","twitter_misc":{"Tiempo de lectura":"3 minutos"},"schema":{"@context":"https:\/\/schema.org","@graph":[{"@type":"WebPage","@id":"https:\/\/eurocarslanucia.com\/es\/stock\/","url":"https:\/\/eurocarslanucia.com\/es\/stock\/","name":"Stock Venta de coches usados - Euro-Cars La Nucia","isPartOf":{"@id":"https:\/\/eurocarslanucia.com\/#website"},"datePublished":"2021-12-10T16:20:51+00:00","dateModified":"2021-12-14T10:27:44+00:00","description":"La especialidad de Euro-Cars La Nucia es la venta de coches usados, que tienen un m\u00e1ximo de 3 a\u00f1os, sobre los que damos 1 a\u00f1o de garant\u00eda.","breadcrumb":{"@id":"https:\/\/eurocarslanucia.com\/es\/stock\/#breadcrumb"},"inLanguage":"es","potentialAction":[{"@type":"ReadAction","target":["https:\/\/eurocarslanucia.com\/es\/stock\/"]}]},{"@type":"BreadcrumbList","@id":"https:\/\/eurocarslanucia.com\/es\/stock\/#breadcrumb","itemListElement":[{"@type":"ListItem","position":1,"name":"Home","item":"https:\/\/eurocarslanucia.com\/"},{"@type":"ListItem","position":2,"name":"Stock"}]},{"@type":"WebSite","@id":"https:\/\/eurocarslanucia.com\/#website","url":"https:\/\/eurocarslanucia.com\/","name":"Euro-Cars La Nucia","description":"Aan- en verkoop van bijna nieuwe auto&#039;s","potentialAction":[{"@type":"SearchAction","target":{"@type":"EntryPoint","urlTemplate":"https:\/\/eurocarslanucia.com\/?s={search_term_string}"},"query-input":"required name=search_term_string"}],"inLanguage":"es"}]}},"_links":{"self":[{"href":"https:\/\/eurocarslanucia.com\/es\/wp-json\/wp\/v2\/pages\/5369","targetHints":{"allow":["GET"]}}],"collection":[{"href":"https:\/\/eurocarslanucia.com\/es\/wp-json\/wp\/v2\/pages"}],"about":[{"href":"https:\/\/eurocarslanucia.com\/es\/wp-json\/wp\/v2\/types\/page"}],"author":[{"embeddable":true,"href":"https:\/\/eurocarslanucia.com\/es\/wp-json\/wp\/v2\/users\/1"}],"replies":[{"embeddable":true,"href":"https:\/\/eurocarslanucia.com\/es\/wp-json\/wp\/v2\/comments?post=5369"}],"version-history":[{"count":14,"href":"https:\/\/eurocarslanucia.com\/es\/wp-json\/wp\/v2\/pages\/5369\/revisions"}],"predecessor-version":[{"id":5736,"href":"https:\/\/eurocarslanucia.com\/es\/wp-json\/wp\/v2\/pages\/5369\/revisions\/5736"}],"wp:attachment":[{"href":"https:\/\/eurocarslanucia.com\/es\/wp-json\/wp\/v2\/media?parent=5369"}],"curies":[{"name":"wp","href":"https:\/\/api.w.org\/{rel}","templated":true}]}}